{"id":159,"date":"2021-07-07T17:33:04","date_gmt":"2021-07-07T21:33:04","guid":{"rendered":"https:\/\/www2.whoi.edu\/staff\/mceballosromero\/?page_id=159"},"modified":"2026-04-13T10:51:38","modified_gmt":"2026-04-13T14:51:38","slug":"actividades-de-divulgacion-en-espanol","status":"publish","type":"page","link":"https:\/\/www2.whoi.edu\/staff\/mceballosromero\/actividades-de-divulgacion-en-espanol\/","title":{"rendered":"Actividades de divulgaci\u00f3n"},"content":{"rendered":"\n<h1>\n\t\tActividades de divulgaci\u00f3n en espa\u00f1ol \n\t<\/h1>\n\t\t\t\t<img loading=\"lazy\" src=\"https:\/\/www2.whoi.edu\/staff\/mceballosromero\/wp-content\/uploads\/sites\/272\/2026\/04\/1.png\" alt=\"1\" height=\"270\" width=\"480\" title=\"1\" \/>\n\t<h3>Entrevista en &#8220;ABC Sevilla&#8221;<\/h3>\n<p><a href=\"https:\/\/www.abc.es\/sevilla\/ciudad\/plazas-andaluzas-riesgo-desaparecer-cambio-climatico-20260412001635-nts.html\">Elena Ceballos Romero: &#8220;M\u00e1s de 30 playas andaluzas est\u00e1n en riesgo de desaparecer por el cambio clim\u00e1tico.&#8221;<\/a><\/p>\n<p>La investigadora del Departamento de F\u00edsica Aplicada II es Doctora en F\u00edsica y especialista en oceanograf\u00eda y estudia desde hace a\u00f1os el papel del oc\u00e9ano en el cambio clim\u00e1tico. Tras participar en campa\u00f1as internacionales con la NASA, se\u00f1ala que la capacidad natural del oc\u00e9ano para absorber di\u00f3xido de carbono atmosf\u00e9rico se est\u00e1 debilitando debido al calentamiento global y a cambios en el fitoplancton.<\/p>\n<p>Ceballos advierte del impacto ya visible del cambio clim\u00e1tico en los oc\u00e9anos y las costas andaluzas, y subraya la presencia generalizada de micropl\u00e1sticos en todos los niveles del oc\u00e9ano, con implicaciones para los ecosistemas y la salud humana.<\/p>\n<p>La investigadora insiste en que el cambio clim\u00e1tico no es un problema futuro, sino una realidad presente, y hace un llamamiento a actuar sobre su causa principal: las emisiones de gases de efecto invernadero. Asimismo, reivindica el papel clave del oc\u00e9ano como \u00abprincipal pulm\u00f3n del planeta\u00bb y la importancia de la ciencia para comprender y afrontar estos desaf\u00edos.<\/p>\n<p>13 de abril del 2026. Por Jes\u00fas \u00c1lvarez.<\/p>\n\t\t\t\t<img loading=\"lazy\" src=\"https:\/\/www2.whoi.edu\/staff\/mceballosromero\/wp-content\/uploads\/sites\/272\/2026\/03\/articulos-2790407-1200x700-1.jpg\" alt=\"articulos-2790407-1200x700\" height=\"700\" width=\"1050\" title=\"articulos-2790407-1200x700\" \/>\n\t<h3>Entrevista en &#8220;Voz P\u00f3puli&#8221;<\/h3>\n<p><a href=\"https:\/\/www.vozpopuli.com\/actualidad\/cuatro-cientificas-espanolas-alzan-la-voz-desde-africa-liderazgo-femenino-para-cambiar-la-ciencia.html\">Elena Ceballos Romero: &#8220;La biodiversidad, el clima y el bienestar de las\u00a0comunidades est\u00e1n completamente conectados.&#8221;<\/a><\/p>\n<p>Con motivo del\u00a0D\u00eda Internacional de la Mujer, Acciona ha puesto el foco en cuatro cient\u00edficas espa\u00f1olas que han participado en la d\u00e9cima edici\u00f3n del programa internacional\u00a0Homeward Bound,\u00a0una iniciativa global dise\u00f1ada para impulsar el liderazgo femenino en la ciencia\u00a0y generar referentes capaces de inspirar a las\u00a0nuevas generaciones.<\/p>\n<p>Las investigadora Elena Ceballos ha formado parte de esta expedici\u00f3n internacional junto a m\u00e1s de cincuenta cient\u00edficas procedentes de 17 pa\u00edses, en una experiencia que combina formaci\u00f3n en liderazgo, cooperaci\u00f3n cient\u00edfica y acci\u00f3n clim\u00e1tica.<\/p>\n<p>9 de marzo del 2026. Por C\u00e9sar Ortiz.<\/p>\n\t\t\t\t<img loading=\"lazy\" src=\"https:\/\/www2.whoi.edu\/staff\/mceballosromero\/wp-content\/uploads\/sites\/272\/2026\/03\/Captura-de-pantalla-2026-03-11-093519.png\" alt=\"Captura de pantalla 2026-03-11 093519\" height=\"478\" width=\"609\" title=\"Captura de pantalla 2026-03-11 093519\" \/>\n\t<h3>Columna invitada en &#8220;Diario Responsable&#8221;<\/h3>\n<p><a href=\"https:\/\/diarioresponsable.com\/opinion\/39112-no-existe-transicion-ecologica-si-no-es-tambien-una-transicion-social\">Elena Ceballos Romero: &#8220;No existe transici\u00f3n ecol\u00f3gica si no es tambi\u00e9n una transici\u00f3n social&#8221;.<\/a><\/p>\n<p>Pensando en un enfoque para este especial <a href=\"https:\/\/www.un.org\/es\/observances\/womens-day\">8M &#8211; D\u00eda Internacional de la Mujer<\/a>, en Diario Responsable se les ocurri\u00f3 la idea de lanzar una pregunta: \u00bfpuede haber transici\u00f3n energ\u00e9tica sin igualdad de g\u00e9nero? Pues no. Quedar\u00eda coja. No ser\u00eda una transici\u00f3n justa que incorporara derechos, empleo digno e igualdad, sino una simple sustituci\u00f3n tecnol\u00f3gica. Quiz\u00e1 la pregunta no deber\u00eda haber sido solo si puede haberla, sino qu\u00e9 tipo de transici\u00f3n queremos.<\/p>\n<p>La investigadora de la Universidad de Sevilla Elena Ceballos nos da su opini\u00f3n en esta columna invitada.<\/p>\n<p>6 de marzo del 2026. Por Almudena D\u00edez.<\/p>\n\t\t\t\t<img loading=\"lazy\" src=\"https:\/\/www2.whoi.edu\/staff\/mceballosromero\/wp-content\/uploads\/sites\/272\/2026\/03\/canalsur.png\" alt=\"canalsur\" height=\"558\" width=\"942\" title=\"canalsur\" \/>\n\t<h3>Entrevista en &#8220;Andaluc\u00eda a las 2&#8221; de Canal Sur<\/h3>\n<p><a href=\"https:\/\/www.canalsur.es\/multimedia.html?id=2237786\">Elena Ceballos Romero: &#8220;El s\u00edndrome de la impostora es una inseguridad silenciosa que muchas mujeres experimentamos incluso cuando nuestras trayectorias son s\u00f3lidas&#8221;<\/a> (minuto 40).<\/p>\n<p>Con motivo del <a href=\"https:\/\/www.un.org\/es\/observances\/womens-day\">8M &#8211; D\u00eda Internacional de la Mujer<\/a>, la ocean\u00f3grafa sevillana nos coparte algunos de los mayores desaf\u00edos que ha enfrentado como mujer en su carrera investigadora.<\/p>\n<p>2 de marzo del 2026. Por Nieves Risquet.<\/p>\n\t\t\t\t<img loading=\"lazy\" src=\"https:\/\/www2.whoi.edu\/staff\/mceballosromero\/wp-content\/uploads\/sites\/272\/2026\/02\/Captura-de-pantalla-2026-02-25-191154.png\" alt=\"Captura de pantalla 2026-02-25 191154\" height=\"343\" width=\"439\" title=\"Captura de pantalla 2026-02-25 191154\" \/>\n\t<h3>Entrevista en &#8220;blog Alumni Becas Fundaci\u00f3n laCaixa&#8221;<\/h3>\n<p><a href=\"https:\/\/becarios.fundacionlacaixa.org\/es\/web\/guest\/historias\/rumbo-a-la-zona-abisal?srh=9\">Elena Ceballos Romero: &#8220;Un <em>salvaje oeste<\/em> submarino de consecuencias imprevisibles&#8221;.<\/a><\/p>\n<p>La b\u00fasqueda de minerales fundamentales para la transici\u00f3n energ\u00e9tica ya ha llegado a las profundidades del oc\u00e9ano. Y esta realidad plantea muchas dudas.<\/p>\n<p>\u00bfPodr\u00eda convertirse el fondo marino en nuestra mayor fuente de recursos estrat\u00e9gicos?<\/p>\n<p>Lo hablamos con las becariasde la Fundaci\u00f3n &#8220;laCaixa&#8221; Ana Luc\u00eda Londo\u00f1o y Elena Ceballos en nuestro blog.<\/p>\n<p>25 de febrero del 2026. Por Fundaci\u00f3n &#8220;laCaixa&#8221;.<\/p>\n\t\t\t\t<img loading=\"lazy\" src=\"https:\/\/www2.whoi.edu\/staff\/mceballosromero\/wp-content\/uploads\/sites\/272\/2026\/02\/download.jpg\" alt=\"download\" height=\"320\" width=\"320\" title=\"download\" \/>\n\t<h3>Entrevista en &#8220;La voz de Galicia&#8221;<\/h3>\n<p><a href=\"https:\/\/www.lavozdegalicia.es\/noticia\/yes\/2026\/02\/21\/aldea-galicia-puedes-ver-valores-parecidos-africa\/0003_202602SY21P28991.htm\">Elena Ceballos Romero: &#8220;El le\u00f3n es un s\u00edmbolo cultural de fuerza y nobleza, pero el verdadera liderazgo lo ejercen las leonas&#8221;<\/a>.<\/p>\n<p>Un equipo de 57 mujeres que participaron en el primer foro de liderazgo femenino global celebrado en Tanzania a finales del 2025.<\/p>\n<p>La investigadora oceanogr\u00e1fica Elena Ceballos lleva siempre consigo el eslogan \u00absin azul no hay verde\u00bb, es una de esas 57 mujeres de 17 nacionalidades que han participado en esta aventura para plantarse ante el cambio clim\u00e1tico y visibilizar el valor de los cuidados impulsada por el programa Homeward Bound, de Acciona.<\/p>\n<p>23 de febrero del 2026. Por Ana Ablenda.<\/p>\n\t\t\t\t<img loading=\"lazy\" src=\"https:\/\/www2.whoi.edu\/staff\/mceballosromero\/wp-content\/uploads\/sites\/272\/2026\/02\/Captura-de-pantalla-2026-02-23-123207.png\" alt=\"Captura de pantalla 2026-02-23 123207\" height=\"354\" width=\"631\" title=\"Captura de pantalla 2026-02-23 123207\" \/>\n\t<h3>Entrevista en &#8220;El Espa\u00f1ol &#8211; En clave OSD&#8221;<\/h3>\n<p><a href=\"https:\/\/www.elespanol.com\/enclave-ods\/referentes\/20260218\/espanolas-tanzania-promover-liderazgo-femenino-no-faltan-datos-falta-conexion\/1003744133986_0.html\">Elena Ceballos Romero: &#8220;La evidencia por s\u00ed sola no transforma\u00a0la realidad si no se comprende y no se percibe como relevante&#8221;<\/a>.<\/p>\n<p>Durante 15 d\u00edas, 57 cient\u00edficas de 17 nacionalidades convivieron, trabajaron y debatieron sobre el futuro del planeta en Tanzania. Entre ellas hab\u00eda cuatro espa\u00f1olas: la comunicadora Ana G\u00f3mez de Castro, la ingeniera aeroespacial Beatriz Casares, la investigadora oce\u00e1nica Elena Ceballos y la meteor\u00f3loga Mercedes Mart\u00edn.<\/p>\n<p>Formaban parte de la d\u00e9cima edici\u00f3n del programa internacional de liderazgo femenino Homeward Bound, impulsado por Acciona, que hasta ahora se celebraba en la Ant\u00e1rtida y que este a\u00f1o se traslad\u00f3 por primera vez a \u00c1frica.<\/p>\n<p>18 de febrero del 2026. Por Mariana Goya.<\/p>\n\t\t\t\t<img loading=\"lazy\" src=\"https:\/\/www2.whoi.edu\/staff\/mceballosromero\/wp-content\/uploads\/sites\/272\/2026\/02\/download.jpg\" alt=\"download\" height=\"320\" width=\"320\" title=\"download\" \/>\n\t<h3>Entrevista en &#8220;A gole de bit&#8221; de Radio Nacional de Espa\u00f1a<\/h3>\n<p><a href=\"https:\/\/www.rtve.es\/play\/audios\/a-golpe-de-bit\/golpe-bit-cuatro-cientificas-espanolas-ejemplo-liderazgo-femenino\/16933317\/\">Elena Ceballos Romero: &#8220;Descubr\u00ed el proyecto Homeward Bound a trav\u00e9s de mi trabajo de divulgaci\u00f3n sobre el papel del oc\u00e9ano en el cambio clim\u00e1tico&#8221;<\/a> (minuto 19).<\/p>\n<p>Con motivo del\u00a0D\u00eda Mundial de la Mujer y la Ni\u00f1a en la Ciencia\u00a0ponemos en valor el trabajo y la trayectoria de\u00a0cuatro mujeres espa\u00f1olas\u00a0que forman parte del proyecto &#8216;Homeward Bound&#8217;, impulsado por Acciona, en el que ya\u00a0han participado 775 mujeres de 69 pa\u00edses\u00a0y que, tras diez a\u00f1os en la Ant\u00e1rtida, ha viajado\u00a0por primera vez a \u00c1frica.<\/p>\n<p>Charlamos con la doctora en Publicidad y Relaciones P\u00fablicas\u00a0Ana G\u00f3mez de Castro; con\u00a0Beatriz Casares, ingeniera aeroespacial; con\u00a0Elena Ceballos,\u00a0f\u00edsica y ocean\u00f3grafa, y con\u00a0Mercedes Mart\u00edn,\u00a0meteor\u00f3loga, sobre sus trayectorias profesionales y sus experiencias en Tanzania como participantes en el\u00a0I Foro Global de Liderazgo Femenino de esta iniciativa.<\/p>\n<p>11 de febrero del 2026. Por \u00c1lvaro S\u00e1nchez y Diego Marcos.<\/p>\n\t\t\t\t<img loading=\"lazy\" src=\"https:\/\/www2.whoi.edu\/staff\/mceballosromero\/wp-content\/uploads\/sites\/272\/2026\/02\/11F_CaixaForum.png\" alt=\"11F_CaixaForum\" height=\"555\" width=\"860\" title=\"11F_CaixaForum\" \/>\n\t<h3>Ponente invitada en el &#8220;11F en el CaixaForum Sevilla&#8221;<\/h3>\n<p><a href=\"https:\/\/caixaforum.org\/es\/sevilla\/p\/ciencia-que-une-talento-que-avanza-sevilla\">Ciencia que avanza, talento que une. <\/a><\/p>\n<p>Con motivo del <a href=\"https:\/\/www.un.org\/es\/observances\/women-and-girls-in-science-day\">D\u00eda Internacional de la Mujer y la Ni\u00f1a en la Ciencia<\/a>, CaixaForum Sevilla propone una sesi\u00f3n especial que invita a explorar c\u00f3mo la ciencia crece cuando se comparte, se conecta y se colabora. En un d\u00eda que nos recuerda la importancia de impulsar la presencia y el talento de las mujeres en todas las \u00e1reas cient\u00edficas, esta edici\u00f3n pone adem\u00e1s el foco en el poder de esta ciencia colaborativa y de la interdisciplinariedad.<\/p>\n<p>Participan:\u00a0Elena Ceballos Romero, doctora en F\u00edsica Aplicada con especializaci\u00f3n en biogeoqu\u00edmica oce\u00e1nica y M\u00f3nica Aguilar-Alba, doctora en Geograf\u00eda por la Universidad de Sevilla, con menci\u00f3n Doctorado Internacional y Premio Extraordinario de Doctorado (2016).<\/p>\n<p>11 de febero del 2026. Por Fundaci\u00f3n &#8220;laCaixa&#8221; y Science for Change.<\/p>\n\t\t\t\t<img loading=\"lazy\" src=\"https:\/\/www2.whoi.edu\/staff\/mceballosromero\/wp-content\/uploads\/sites\/272\/2026\/02\/WhatsApp-Image-2026-02-02-at-11.11.40.jpeg\" alt=\"WhatsApp Image 2026-02-02 at 11.11.40\" height=\"576\" width=\"1017\" title=\"WhatsApp Image 2026-02-02 at 11.11.40\" \/>\n\t<h3>Entrevista en &#8220;La Raz\u00f3n&#8221;<\/h3>\n<p><a href=\"https:\/\/www.larazon.es\/sociedad\/elena-ceballos-fisica-oceanografa-oceano-nos-protege-pero-siempre_20260131697bc4bb2f00a04688ed03de.html?outputType=amp\">Elena Ceballos Romero: &#8220;El oc\u00e9ano nos protege, pero no pasa siempre&#8221;<\/a>.<\/p>\n<p>La f\u00edsica y ocean\u00f3grafa pasa gran parte de su vida mirando al oc\u00e9ano con ojos de cient\u00edfica, intentando descubrir m\u00e1s cosas sobre este a\u00fan gran desconocido. Su trabajo se centra en entender c\u00f3mo el oc\u00e9ano captura y almacena carbono, actuando como el principal pulm\u00f3n del planeta y desempe\u00f1ando un papel clave en la regulaci\u00f3n el clima. Apasionada por la ciencia y su impacto social, combina su labor investigadora con una intensa actividad divulgativa.<\/p>\n<p>La experta llama a tomar medidas inmediatas para proteger este poderoso aliado contra el cambio clim\u00e1tico, porque &#8220;se est\u00e1 quedando sin tiempo silenciosamente&#8221;.<\/p>\n<p>31 de enero del 2026. Por Ana Abizanda.<\/p>\n\t\t\t\t<img loading=\"lazy\" src=\"https:\/\/www2.whoi.edu\/staff\/mceballosromero\/wp-content\/uploads\/sites\/272\/2026\/01\/Captura-de-pantalla-2026-01-26-120507.png\" alt=\"Captura de pantalla 2026-01-26 120507\" height=\"588\" width=\"1049\" title=\"Captura de pantalla 2026-01-26 120507\" \/>\n\t<h3>Entrevista en &#8220;Cambio Clim\u00e1tico&#8221; de Canal Sur<\/h3>\n<p><a href=\"https:\/\/www.canalsur.es\/multimedia.html?id=2237786\">Elena Ceballos Romero: &#8220;Convivir y trabajar con mujeres de tantas nacionalidades, culturas y disciplinas fue profundamente transformador&#8221;<\/a> (minuto 18).<\/p>\n<p>La ocean\u00f3grafa sevillana nos describe c\u00f3mo ha sido su reciente viaje a Tanzania para participar en la I Cumbre Global de Liderazgo de Homeward Bound Projects patrocinada por la Universidad de Sevilla.<\/p>\n<p>La Doctora en F\u00edsica Aplicada comparte esta aventura junto a otras 57 mujeres de 17 nacionalidades y habla sobre sobre liderazgo femenino en ciencia.<\/p>\n<p>23 de enero del 2026. Por Javier Bola\u00f1os.<\/p>\n\t\t\t\t<img loading=\"lazy\" src=\"https:\/\/www2.whoi.edu\/staff\/mceballosromero\/wp-content\/uploads\/sites\/272\/2026\/01\/promo.png\" alt=\"promo\" height=\"2475\" width=\"3928\" title=\"promo\" \/>\n\t<h3>Entrevista en &#8220;National Geographic Spain&#8221;<\/h3>\n<p><a href=\"https:\/\/www.nationalgeographic.com.es\/ciencia\/elena-ceballos-oceanografa-sobre-groenlandia-disputa-politica-quiere-declive-artico_27286\">Elena Ceballos Romero: &#8220;La disputa pol\u00edtica quiere el declive del \u00c1rtico&#8221;<\/a>.<\/p>\n<p>La Doctora en F\u00edsica Aplicada y docente en la Universidad de Sevilla lleva a\u00f1os estudiando los ciclos de carbono y ha estado el mar m\u00e1s septentrional en una expedici\u00f3n de la NASA. Habla del papel clave del oc\u00e9ano en el cambio clim\u00e1tico y viajamos al \u00c1rtico, una regi\u00f3n especialmente sensible que hoy tambi\u00e9n gana protagonismo en el contexto geopol\u00edtico, con Groenlandia en el centro del debate.<\/p>\n<p>19 de enero del 2026. Por Pedro Molina.<\/p>\n\t\t\t\t<img loading=\"lazy\" src=\"https:\/\/www2.whoi.edu\/staff\/mceballosromero\/wp-content\/uploads\/sites\/272\/2026\/01\/Captura-de-pantalla-2026-01-14-224216.png\" alt=\"Captura de pantalla 2026-01-14 224216\" height=\"846\" width=\"1350\" title=\"Captura de pantalla 2026-01-14 224216\" \/>\n\t<h3>Entrevista en &#8220;Tierra 7&#8221; de 7TV<\/h3>\n<p><a href=\"https:\/\/www.7tvandalucia.es\/video\/documental\/260109-tierra-7-mp4\/20260109150042007439.html?utm_medium=social&amp;utm_source=whatsapp&amp;utm_campaign=share_button\">Elena Ceballos Romero: &#8220;Lo que est\u00e1 ocurriendo no es un temporal excepcional ni un accidente puntual, es el reflejo de la mala relaci\u00f3n que hemos tenido con el mar hasta el momento&#8221; <\/a>(minuto 15:35).<\/p>\n<p>A ra\u00edz de los destrozos causados por el \u00faltimo temporal en Matalasca\u00f1as, la investigadora del departamento de F\u00edsica Aplicada II de la Universidad de Sevilla nos habla de salud de los oc\u00e9anos y los efectos del cambio clim\u00e1tico en las costas andaluzas.<\/p>\n<p>10 de enero del 2026. Por Jorge Molina Arroyo.<\/p>\n\t\t\t\t<img loading=\"lazy\" src=\"https:\/\/www2.whoi.edu\/staff\/mceballosromero\/wp-content\/uploads\/sites\/272\/2025\/07\/Julio2025_1.jpg\" alt=\"Julio2025_1\" height=\"864\" width=\"1080\" title=\"Julio2025_1\" \/>\n\t<h3>Ponente invitada en &#8220;Mujeres con Ciencia&#8221; de Inspiring Girls<\/h3>\n<p><a href=\"https:\/\/www.linkedin.com\/posts\/inspiringirlse_niaehassinlimites-activity-7346100553485025280-WSOV?utm_source=share&amp;utm_medium=member_desktop&amp;rcm=ACoAAAy448kBJq6DU5YVoN66k4w24SCvIHlsoLU\">Elena Ceballos Romero: &#8220;Actividades como las de hoy son muy importantes para aumentar las vocaciones cient\u00edficas en las chicas y es importantes que aumenten, no podemos desperdiciar talento.&#8221;\u00a0<\/a><\/p>\n<p>La investigadora en el departamento de F\u00edsica Aplicada II de la Universidad de Sevilla y seleccionada para participar en Homeward Bound, un programa internacional de Ciencia, Tecnolog\u00eda, Ingenier\u00eda, Matem\u00e1ticas y Medicina (STEMM), centrado en el desarrollo de capacidades en liderazgo, sostenibilidad y visibilidad internacional de mujeres cient\u00edficas, participa en el evento &#8220;Mujeres que Inspiran. Mujeres en la Ciencia&#8221; organizado por la Fundaci\u00f3n <a href=\"https:\/\/www.linkedin.com\/company\/inspiringirlse\/posts\/\">Inspiring Girls<\/a> Espa\u00f1a en colaboraci\u00f3n con <a href=\"https:\/\/www.linkedin.com\/company\/acciona\/posts\/?feedView=all\">ACCIONA<\/a>.<\/p>\n<p>Con la participaci\u00f3n de ni\u00f1os y ni\u00f1as del Campamento B\u00faho,\u00a0Elena habl\u00f3 sobre su experiencia y trayectoria y contribuy\u00f3 a aumentar el conocimiento cient\u00edfico de una audiencia de 80 personas.<\/p>\n<p>1 de julio del 2025. Por Inspiring Girls Espa\u00f1a.<\/p>\n\t\t\t\t<img loading=\"lazy\" src=\"https:\/\/www2.whoi.edu\/staff\/mceballosromero\/wp-content\/uploads\/sites\/272\/2025\/05\/Picture1.jpg\" alt=\"Picture1\" height=\"651\" width=\"652\" title=\"Picture1\" \/>\n\t<h3>Ponente invitada en &#8220;Ciencia en el bar&#8221; de la Universidad de Sevilla<\/h3>\n<p><a href=\"https:\/\/cienciabar.wordpress.com\/2025\/05\/15\/4-de-junio\/\">Elena Ceballos Romero: &#8220;Vivimos en un Planeta Oce\u00e1no, mal llamada Planeta Tierra, donde la tierra es un mero obst\u00e1culo a esquivar al surcar la inmensidad azul.&#8221;<\/a><\/p>\n<p>Saber c\u00f3mo responder\u00e1 la Tierra al aumento actual de di\u00f3xido de carbono atmosf\u00e9rico es posiblemente la cuesti\u00f3n cient\u00edfica de nuestra era, porque toda la humanidad se ver\u00e1 afectada. El oc\u00e9ano tiene un papel fundamental en esta cuesti\u00f3n actuando como principal \u00abpulm\u00f3n\u00bb del planeta, capturando di\u00f3xido de carbono de la atm\u00f3sfera a trav\u00e9s de un fascinante mecanismo.<\/p>\n<p>La cient\u00edfica de la Universidad de Sevilla y la Woods Hole Oceanographic Institution repasa c\u00f3mo funciona el mecanismo oce\u00e1nico que controla la \u00abnieve marina\u00bb y c\u00f3mo podemos estudiarlo de una manera amena y accesible a todos los p\u00fablicos.<\/p>\n<p>4 de junio del 2025. Por Universidad de Sevilla.<\/p>\n\t\t\t\t<img loading=\"lazy\" src=\"https:\/\/www2.whoi.edu\/staff\/mceballosromero\/wp-content\/uploads\/sites\/272\/2025\/05\/Planeta-Tierra-Elena-Ceballos__FocusFillWyIwLjAwIiwiMC4wMCIsNDk1LDM2Nl0.jpg\" alt=\"Planeta-Tierra-Elena-Ceballos__FocusFillWyIwLjAwIiwiMC4wMCIsNDk1LDM2Nl0\" height=\"366\" width=\"495\" title=\"Planeta-Tierra-Elena-Ceballos__FocusFillWyIwLjAwIiwiMC4wMCIsNDk1LDM2Nl0\" \/>\n\t<h3>Ponente invitada en &#8220;Pint of Science Sevilla 2025&#8221;<\/h3>\n<p><a href=\"https:\/\/pintofscience.es\/event\/SEV-el-oceano-y-donana-ciencia-para-salvar-el-planeta\">Elena Ceballos Romero: &#8220;El oc\u00e9ano no es solo un vasto paisaje, \u00a1es el pulm\u00f3n de nuestro planeta!&#8221;<\/a><\/p>\n<p>La cient\u00edfica de la Universidad de Sevilla y la Woods Hole Oceanographic Institution desgrana c\u00f3mo el oc\u00e9ano y su &#8220;nieve marina&#8221; ayuda a regular el clima con una charla amena y divulgativa en el Bar la Sra. Pop en Sevilla.<\/p>\n<p>21 de mayo del 2025. Por Pinf of Science Espa\u00f1a.<\/p>\n\t\t\t\t<img loading=\"lazy\" src=\"https:\/\/www2.whoi.edu\/staff\/mceballosromero\/wp-content\/uploads\/sites\/272\/2025\/04\/WhatsApp-Image-2025-04-23-at-11.03.02.jpeg\" alt=\"WhatsApp-Image-2025-04-23-at-11.03.02\" height=\"2048\" width=\"2048\" title=\"WhatsApp-Image-2025-04-23-at-11.03.02\" \/>\n\t<h3>Ponente invitada en el &#8220;Caf\u00e9 con Ciencia&#8221; inaugural en la &#8220;Feria de la Ciencia Sevilla 2025&#8221;<\/h3>\n<p><a href=\"http:\/\/www.iesramoncarande.com\/cafe-con-ciencia-2\/\">Elena Ceballos Romero: &#8220;\u00bfSab\u00edas que la profundidad m\u00e1xima es mayor que la cumbre m\u00e1s alta sobre la tierra?&#8221;<\/a><\/p>\n<p>La cient\u00edfica de la Universidad de Sevilla comparti\u00f3 un desayuno cargado de ciencia con el alumnado de Biolog\u00eda de 1\u00b0Bachillerato del IES Ram\u00f3n de Carande durante el &#8220;Caf\u00e9 con Ciencia&#8221; inaugural de la <a href=\"https:\/\/feriadelaciencia.org\/01_FERIACIENCIA\/\">23\u00aa Feria de la Ciencia de Sevilla<\/a> gracias a la Fundaci\u00f3n Descubre.<\/p>\n<p>La charla se desarroll\u00f3 sobre el calentamiento del planeta y el cambio clim\u00e1tico, desde la problem\u00e1tica que existe en los oc\u00e9anos. Su experiencia en numerosas campa\u00f1as ayud\u00f3 a los alumnos a descubrir m\u00e1s sobre esta parte de nuestro planeta tan desconocido para ellos y para los cient\u00edficos.<\/p>\n<p>22 de abril del 2025. Por Fundaci\u00f3n Descubre.<\/p>\n\t\t\t\t<img loading=\"lazy\" src=\"https:\/\/www2.whoi.edu\/staff\/mceballosromero\/wp-content\/uploads\/sites\/272\/2025\/04\/Imagen-de-WhatsApp-2025-04-01-a-las-18.02.47_6f242823-1.jpg\" alt=\"Imagen de WhatsApp 2025-04-01 a las 18.02.47_6f242823\" height=\"900\" width=\"1600\" title=\"Imagen de WhatsApp 2025-04-01 a las 18.02.47_6f242823\" \/>\n\t<h3>Ponente invitada en &#8220;La marisma humana&#8221;<\/h3>\n<p><a href=\"https:\/\/www.youtube.com\/watch?v=rJlH3ftradA\">Elena Ceballos Romero: &#8220;La marisma es un espacio entre mundos: entre la tierra y el agua, entre lo firme y lo fluido, entre lo que cambia y lo que permanece.&#8221;<\/a><\/p>\n<p>La investigadora sevillana presenta el evento <a href=\"https:\/\/www.youtube.com\/watch?v=PTgJ4ZI2tpc\">&#8220;La marisma humana: un viaje emocional por las marismas andaluzas&#8221;<\/a> donde intervinieron Rafael Peralta Revuelta, Antonio Rodr\u00edguez Clarita y Antonio Aguilera Nieves.<\/p>\n<p>3 de abril del 2025. Por Espacio Cobertura Photo.<\/p>\n\t\t\t\t<img loading=\"lazy\" src=\"https:\/\/www2.whoi.edu\/staff\/mceballosromero\/wp-content\/uploads\/sites\/272\/2025\/03\/Imagen-de-WhatsApp-2025-02-20-a-las-22.15.59_2812b256.jpg\" alt=\"Imagen de WhatsApp 2025-02-20 a las 22.15.59_2812b256\" height=\"2000\" width=\"1500\" title=\"Imagen de WhatsApp 2025-02-20 a las 22.15.59_2812b256\" \/>\n\t<h3>Entrevista en La Raz\u00f3n<\/h3>\n<p><a href=\"https:\/\/www.larazon.es\/andalucia\/brecha-genero-ciencia-llegaba-tener-verguenza-decir-que-estaba-estudiando-quimica_2025030367bdf33984d502000112ad1b.html\">Elena Ceballos Romero: &#8220;En el \u00e1mbito cient\u00edfico tecnol\u00f3gico hay muy pocas catedr\u00e1ticas y mujeres en puestos de liderazgo y toma de decisiones.&#8221;<\/a><\/p>\n<p>La investigadora sevillana nos cuenta su experiencia como mujer decicada a la Ciencia y reflexiona sobre la situaci\u00f3n actual en los campos STEM (Ciencia, Tecnolog\u00eda, Ingenier\u00eda y Matem\u00e1ticas).<\/p>\n<p>3 de marzo del 2025. Por Fran C\u00e1rceles.<\/p>\n\t\t\t\t<img loading=\"lazy\" src=\"https:\/\/www2.whoi.edu\/staff\/mceballosromero\/wp-content\/uploads\/sites\/272\/2025\/02\/Imagen-de-WhatsApp-2025-02-11-a-las-13.20.56_f799cb2d_1739276871-800x600-1.jpg\" alt=\"Imagen-de-WhatsApp-2025-02-11-a-las-13.20.56_f799cb2d_1739276871-800x600\" height=\"600\" width=\"800\" title=\"Imagen-de-WhatsApp-2025-02-11-a-las-13.20.56_f799cb2d_1739276871-800x600\" \/>\n\t<h3>Ponente invitada en el &#8220;11F EN EL PARLAMENTO DE ANDALUC\u00cdA&#8221;<\/h3>\n<p>Elena Ceballos Romero: <a href=\"https:\/\/fundaciondescubre.es\/noticias\/andalucia-lleva-la-ciencia-al-parlamento-autonomico-para-celebrar-el-dia-internacional-de-la-mujer-y-la-nina\/\">&#8220;Emergencia clim\u00e1tica: el oc\u00e9ano, nuestro gran aliado.&#8221;<\/a><\/p>\n<p>Andaluc\u00eda lleva la Ciencia al Parlamento auton\u00f3mico para celebrar el D\u00eda Internacional de la Mujer y la Ni\u00f1a y la Ciencia, celebrado anualmente el 11 de febrero. La investigadora de la Universidad de Sevilla y de la Woods Hole Oceanographic Institution participa impartiendo una conferencia titulada &#8220;Emergencia clim\u00e1tica: el oc\u00e9ano, nuestro gran aliado&#8221;.<\/p>\n<p>11 de febero del 2025. Por Fundaci\u00f3n Descubre.<\/p>\n\t\t\t\t<img loading=\"lazy\" src=\"https:\/\/www2.whoi.edu\/staff\/mceballosromero\/wp-content\/uploads\/sites\/272\/2025\/01\/a.png\" alt=\"a\" height=\"957\" width=\"1442\" title=\"a\" \/>\n\t<h3>Columna en El Pa\u00eds<\/h3>\n<p>Elena Ceballos Romero: <a href=\"https:\/\/elpais.com\/ciencia\/las-cientificas-responden\/2025-01-27\/tiene-el-agua-del-oceano-la-misma-densidad-a-cualquier-profundidad.html\">&#8220;\u00bfTiene el agua del oc\u00e9ano la misma densidad a cualquier profundidad?&#8221;<\/a><\/p>\n<p>La investigadora de la Universidad de Sevilla y de la Woods Hole Oceanographic Institution responde a la pregunta en el consultorio cient\u00edfico semanal de Victoria Toro &#8220;La cient\u00edficas responden&#8221;.<\/p>\n<p>27 de enero del 2025. Por El Pa\u00eds<\/p>\n\t\t\t\t<img loading=\"lazy\" src=\"https:\/\/www2.whoi.edu\/staff\/mceballosromero\/wp-content\/uploads\/sites\/272\/2024\/12\/Imagen-de-WhatsApp-2024-12-17-a-las-13.10.03_114f2535.jpg\" alt=\"Imagen de WhatsApp 2024-12-17 a las 13.10.03_114f2535\" height=\"572\" width=\"996\" title=\"Imagen de WhatsApp 2024-12-17 a las 13.10.03_114f2535\" \/>\n\t<h3>Ponente invitada en &#8220;Mujer y ODS, El papel del liderazgo femenino ante los grandes retos globales&#8221;<\/h3>\n<p><a href=\"https:\/\/www.youtube.com\/watch?v=6y_4TUjCihw&amp;embeds_referring_euri=https%3A%2F%2Fwww.infolibre.es%2F&amp;source_ve_path=OTY3MTQ\">Elena Ceballos Romero: &#8220;Hay que dar una oportunidad a las mujeres y escuchar su voz, no se puede cambiar una situaci\u00f3n haciendo siempre lo mismo&#8230; Estar\u00eda bien probar algo nuevo: escuchar a las mujeres.&#8221;<\/a><\/p>\n<p>La investigadora de la Universidad de Sevilla y la Woods Hole Oceanographic Institution particip\u00f3 en el <a href=\"https:\/\/www.infolibre.es\/club-infolibre\/mujeres-ods-foros-infolibre_1_1913016.html\">Foro Mujeres y ODS<\/a> junto con Edith Guedella\u00a0e Hilde P\u00e9rez, moderado por Marta Jaenes. Organizado <a href=\"https:\/\/www.infolibre.es\/\">infoLibre<\/a>, un diario digital en espa\u00f1ol, con la colaboraci\u00f3n de Acciona.<\/p>\n<p>12 de diciembre del 2024. Por infoLibre.<\/p>\n\t\t\t\t<img loading=\"lazy\" src=\"https:\/\/www2.whoi.edu\/staff\/mceballosromero\/wp-content\/uploads\/sites\/272\/2024\/10\/Cartel_TuCaraMeSuena_2024_final_25oct2024_page-0001-scaled.jpg\" alt=\"Cartel_TuCaraMeSuena_2024_final_25oct2024_page-0001\" height=\"2560\" width=\"1825\" title=\"Cartel_TuCaraMeSuena_2024_final_25oct2024_page-0001\" \/>\n\t<h3>Ponente y co-organizadora en el evento &#8220;Tu cara me suena III&#8221;<\/h3>\n<p><a href=\"https:\/\/www.us.es\/eventos\/agenda\/la-jornada-de-divulgacion-tu-cara-me-suena-llega-cazalla-de-la-sierra\">Elena Ceballos Romero participa en la jornada de divulgaci\u00f3n organizada en Guadalcanal.\u00a0<\/a><\/p>\n<p>La jornada de divulgaci\u00f3n est\u00e1 financiada por la Universidad de Sevilla (VIIPPIT-2024-IV.2.) y organizada por 5 doctores de la localidad sevilla: Cristina Garc\u00eda Arroyo (Derecho), Elena Ceballos Romero (F\u00edsica), Julio Nogales Bueno (Qu\u00edmica), Mar\u00eda Luisa Dom\u00ednguez Barrag\u00e1n (Derecho) y Vanesa Guerrero Lozano (Matem\u00e1ticas), que consitutyen el GILS &#8211; Guadalcanal Institute of Legality and Science.<\/p>\n<p>La tercera edici\u00f3n de esta jornada fue celebrada en el IES El Carmen de Cazalla de la Sierra (Sevilla).<\/p>\n<p>25 de octubre del 2024. Por GILS.<\/p>\n\t\t\t\t<img loading=\"lazy\" src=\"https:\/\/www2.whoi.edu\/staff\/mceballosromero\/wp-content\/uploads\/sites\/272\/2024\/10\/GaexsA0X0AAV17L.jpeg\" alt=\"GaexsA0X0AAV17L\" height=\"680\" width=\"680\" title=\"GaexsA0X0AAV17L\" \/>\n\t<h3>Ponente invitada en la 5\u00aa edici\u00f3n del &#8220;Bootcamp SPUTNIK&#8221;<\/h3>\n<p><a href=\"https:\/\/x.com\/321_sputnik\/status\/1848641555592073563\" data-summari-detected=\"true\">Elena Ceballos Romero: Explorando oc\u00e9anos, la \u00faltima gran frontera.<\/a><\/p>\n<p>El Bootcamp de <a href=\"https:\/\/321sputnik.com\/\" data-summari-detected=\"true\">SPUTNIK<\/a> es un programa intensivo de formaci\u00f3n de tecnolog\u00edas exponenciales y creaci\u00f3n de Start-ups dirigido a 500 j\u00f3venes estudiantes andaluces bajo el lema <a href=\"https:\/\/twitter.com\/search?q=%23DespegaHaciaelFuturo&amp;src=typed_query\">#DespegaHaciaelFuturo<\/a>.<\/p>\n<p>La investigadora suermgi\u00f3 a los j\u00f3venes en el oc\u00e9ano y la invesitgaci\u00f3n de su rol en el cambio clim\u00e1tico.<\/p>\n<p>22 de octubre del 2024. Por SPUTNIK.<\/p>\n\t\t\t\t<img loading=\"lazy\" src=\"https:\/\/www2.whoi.edu\/staff\/mceballosromero\/wp-content\/uploads\/sites\/272\/2024\/10\/postal.png\" alt=\"postal\" height=\"358\" width=\"638\" title=\"postal\" \/>\n\t<h3>Entrevista en elDiario.es Andaluc\u00eda<\/h3>\n<p><a href=\"https:\/\/www.eldiario.es\/andalucia\/blogs\/postales\/universitarias\/alemania-sevilla-pasando-estados-unidos-experiencia-marco-carrera-vida-cientifica-elena-ceballos_132_11714757.html\">Elena Ceballos Romero: &#8220;Estudiar en el extranjero me cambi\u00f3 la vida a mejor, me abri\u00f3 la mente much\u00edsimo y me descubri\u00f3 que el mundo estaba ah\u00ed por si quer\u00eda ir a formarme y vivir experiencias&#8221;.<\/a><\/p>\n<p>La investigadora sevillana nos cuenta su experiencia internacional que di\u00f3 comienzo con el programa Erasmus en Alemania y que le ha llevado a la Ant\u00e1rtida y el \u00c1rtico.<\/p>\n<p>11 de octubre del 2024. Por Sara Rojas.<\/p>\n\t\t\t\t<img loading=\"lazy\" src=\"https:\/\/www2.whoi.edu\/staff\/mceballosromero\/wp-content\/uploads\/sites\/272\/2024\/10\/GYd7O_lW0AAxPPw.jpeg\" alt=\"GYd7O_lW0AAxPPw\" height=\"680\" width=\"680\" title=\"GYd7O_lW0AAxPPw\" \/>\n\t<h3>Ponente invitada en el &#8220;95 aniversario Zona Franca C\u00e1diz&#8221;<\/h3>\n<p><a href=\"https:\/\/x.com\/RadioCadiz\/status\/1839608613754503248\">Elena Ceballos Romero: &#8220;La NASA est\u00e1 convencida de que, si en vez de mirar hacia arriba, miramos hacia abajo, vamos a poder predecir lo que est\u00e1 pasando en los oc\u00e9anos&#8221;.<\/a><\/p>\n<p>La Zona Franca de C\u00e1diz ha conmemorado este viernes su 95 Aniversario con un acto central en el Palacio de Congresos que ha estado presidido por la vicepresidenta primera del Gobierno y ministra de Hacienda, Mar\u00eda Jes\u00fas Montero. El delegado del Estado, Fran Gonz\u00e1lez, ha recibido a la representante del Gobierno central a quien ha agradecido su presencia en C\u00e1diz para participar en el evento. La celebraci\u00f3n ha incluido la participaci\u00f3n de la ocean\u00f3grafa e investigadora Elena Ceballos con la emisi\u00f3n del programa de la Cadena SER <a href=\"https:\/\/x.com\/RadioCadiz\/status\/1839574476423385563\">Ser Conversa<\/a>.<\/p>\n<p>27 de septiembre del 2024. Por Cadena SER.<\/p>\n\t\t\t\t<img loading=\"lazy\" src=\"https:\/\/www2.whoi.edu\/staff\/mceballosromero\/wp-content\/uploads\/sites\/272\/2024\/07\/elena-ceballos-5_4_1000x574.jpeg\" alt=\"elena-ceballos-5_4_1000x574\" height=\"574\" width=\"1000\" title=\"elena-ceballos-5_4_1000x574\" \/>\n\t<h3>Entrevista en La voz del sur<\/h3>\n<p><a href=\"https:\/\/www.lavozdelsur.es\/actualidad\/ecologia\/investigadora-sevillana-veranea-en-artico-oceano-es-ecosistema-mas-desconocido_317196_102.html\">Elena Ceballos Romero: &#8220;El oc\u00e9ano es el ecosistema m\u00e1s desconocido&#8221;.<\/a><\/p>\n<p>La investigadora sevillana nos cuenta su futura expedici\u00f3n al \u00c1rtico donde participa en una campa\u00f1a oceanogr\u00e1fica liderada por la <a href=\"https:\/\/www.whoi.edu\/\">Instituci\u00f3n Oceanogr\u00e1fica de Woods Hole<\/a> y financiada por la <a href=\"https:\/\/www.nsf.gov\/\">National Science Foundation<\/a> estadounidense para estudiar el rol de este ecosistema en el cambio clim\u00e1tico.<\/p>\n<p>25 de junio del 2024. Por Alaia Rotaeche.<\/p>\n\t\t\t\t<img loading=\"lazy\" src=\"https:\/\/www2.whoi.edu\/staff\/mceballosromero\/wp-content\/uploads\/sites\/272\/2024\/06\/JB_ahora_regeneracion_20240618_88-scaled.jpg\" alt=\"DVD 1218. Madrid, 18\/06\/2024, Evneto Ahora Regeneraci\u00f3n, en el Green Patio. En la foto, Rafael Mas, Manuel Leon, Carmen Silla y Carolina Bl\u00e1zquez, mmoderado por Cristina Monge.. (Foto: JUAN BARBOSA)\" height=\"1704\" width=\"2560\" title=\"JB_ahora_regeneracion_20240618_88\" \/>\n\t<h3>Ponente invitada en &#8220;Ahora Regeneaci\u00f3n 24&#8221;<\/h3>\n<p><a href=\"https:\/\/www.youtube.com\/watch?v=5DrhW2CZ1SQ\">Elena Ceballos Romero: &#8220;Siempre hay tiempo de mitigar. La naturaleza est\u00e1 ah\u00ed esperando a que tomemos la decisi\u00f3n correcta&#8221;<\/a> (minutos 3:39:00-4:07:00).<\/p>\n<p><a href=\"https:\/\/www.eventosprisanoticias.com\/ES\/ahoraregeneracion\">&#8220;Ahora regeneraci\u00f3n&#8221;<\/a> es un evento organizado por el <a href=\"https:\/\/www.prisa.com\/es\">Grupo PRISA<\/a> y <a href=\"https:\/\/elpais.com\/suscripciones\/elpaismas\/experiencias\/2024-06-04\/el-pais-te-invita-a-ahora-regeneracion.html\">El Pa\u00eds<\/a> enfocado en restaurar y reparar el da\u00f1o ecol\u00f3gico, promoviendo soluciones comunitarias que prosperan en armon\u00eda con el medio ambiente.<\/p>\n<p>La investigadora de la Universidad de Sevilla y la Woods Hole Oceanographic Institution particip\u00f3 en el di\u00e1logo &#8220;Carbono Azul: desaf\u00edos de los Oc\u00e9anos en la Era Regenerativa&#8221; junto con Cristina Romera Castillo y Juan Mart\u00edn Berm\u00fadez moderados por Clemente \u00c1lvarez.<\/p>\n<p>18 de junio del 2024. Por El Pa\u00eds.<\/p>\n\t\t\t\t<img loading=\"lazy\" src=\"https:\/\/www2.whoi.edu\/staff\/mceballosromero\/wp-content\/uploads\/sites\/272\/2024\/06\/Imagen-de-WhatsApp-2024-06-21-a-las-14.54.07_cc44d33d.jpg\" alt=\"Imagen de WhatsApp 2024-06-21 a las 14.54.07_cc44d33d\" height=\"866\" width=\"1080\" title=\"Imagen de WhatsApp 2024-06-21 a las 14.54.07_cc44d33d\" \/>\n\t<h3>PREMIO &#8220;Impacto Social&#8221;<\/h3>\n<p><a href=\"https:\/\/www.investigacion.us.es\/noticias\/el-proyecto-de-oceanografia-sin-azul-no-hay-verde-de-elena-ceballos-reconocido-en-andalucia\">Elena Ceballos Romero: &#8220;Este premio me hace especial ilusi\u00f3n porque llega desde la instituci\u00f3n donde me form\u00e9 como Licenciada en F\u00edsica y como Doctora en F\u00edsica Aplicada a la Oceanograf\u00eda&#8221;.<\/a><\/p>\n<p>Premio <a href=\"https:\/\/www.us.es\/actualidad-de-la-us\/felipe-gonzalez-recibe-el-iv-premio-alumni-de-honor-de-la-universidad-de\">Impacto Social<\/a> otorgado por <a href=\"https:\/\/alumni.us.es\/\">Alumni US<\/a> (la asociaci\u00f3n de antiguos alumnos de la Universidad de Sevilla) en colaboraci\u00f3n con la <a href=\"https:\/\/fundacionlacaixa.org\/es\/\">Fundaci\u00f3n &#8220;la Caixa&#8221;<\/a>\u00a0entregado en su cuarta edici\u00f3n.<\/p>\n<p>El premio destaca el \u00e9xito del proyecto &#8220;Sin azul no hay verde&#8221; en promover la comprensi\u00f3n de la ciencia al p\u00fablico de todas las edades en temas esenciales para establecer una gesti\u00f3n razonable de los recursos marinos, lo que constituye uno de los Objetivos de Desarrollo Sostenible adoptados por las Naciones Unidas.<\/p>\n<p>13 de junio del 2024. Por <a href=\"https:\/\/alumni.us.es\/\">Alumni US<\/a>.<\/p>\n\t\t\t\t<img loading=\"lazy\" src=\"https:\/\/www2.whoi.edu\/staff\/mceballosromero\/wp-content\/uploads\/sites\/272\/2024\/06\/ElenaCeballos-1-scaled.jpg\" alt=\"ElenaCeballos\" height=\"2560\" width=\"1897\" title=\"ElenaCeballos\" \/>\n\t<h3>Entrevista en Haper&#8217;s Bazaar<\/h3>\n<p><a href=\"https:\/\/www.harpersbazaar.com\/es\/cultura\/ocio\/a60936324\/dia-mundial-oceanos-entrevista-elena-ceballos-oceanografa\/\">Elena Ceballos Romero: &#8220;Vivir en alta mar te pone de frent contigo mismo para lo bueno y para lo malo&#8221;.<\/a><\/p>\n<p>La investigadora de la Universidad de Sevilla y la Woods Hole Oceanographic Institution nos habla del relevante rol que juega el oc\u00e9ano en el cambio clim\u00e1tico y de la importancia de concienciar a la sociedad sobre \u00e9l con motivo del <a href=\"https:\/\/www.un.org\/es\/observances\/oceans-day\">D\u00eda Mundial de los Oc\u00e9anos<\/a> celebrado el 8 de junio.<\/p>\n<p>7 de junio del 2024. Por Sandra Mu\u00f1oz.<\/p>\n\t\t\t\t<img loading=\"lazy\" src=\"https:\/\/www2.whoi.edu\/staff\/mceballosromero\/wp-content\/uploads\/sites\/272\/2024\/06\/Imagen-de-WhatsApp-2024-06-21-a-las-14.47.25_9ccf9979.jpg\" alt=\"Imagen de WhatsApp 2024-06-21 a las 14.47.25_9ccf9979\" height=\"810\" width=\"1080\" title=\"Imagen de WhatsApp 2024-06-21 a las 14.47.25_9ccf9979\" \/>\n\t<h3>PREMIO &#8220;Ezequiel Mart\u00ednez&#8221;<\/h3>\n<p><a href=\"https:\/\/www.investigacion.us.es\/noticias\/el-proyecto-de-oceanografia-sin-azul-no-hay-verde-de-elena-ceballos-reconocido-en-andalucia\">Elena Ceballos Romero: &#8220;Ha sido un orgullo recoger el premio de manos de quien le da nombre, el presentador y director del programa &#8220;Tierra y Mar&#8221; de Canal Sur que ha despertado vocaciones naturalistas en muchas generaciones de andaluces.&#8221;<\/a><\/p>\n<p>Premio <a href=\"https:\/\/www.ateneosdeandalucia.org\/iii-premio-federacion-ateneos-para-jovenes-investigadores-andaluces\/\">&#8216;Ezequiel Mart\u00ednez&#8217;<\/a> para j\u00f3venes investigadores en medio ambiente y cambio clim\u00e1tico por el proyecto &#8220;Sin azul no hay verde&#8221;. Este proyecto tiene como objetivo combatir la crisis clim\u00e1tica desde la concienciaci\u00f3n ciudadana de la importancia de los oc\u00e9anos en la mitigaci\u00f3n del calentamiento global gracias a su funci\u00f3n como principal pulm\u00f3n del planeta.<\/p>\n<p>7 de junio del 2024. Por <a href=\"https:\/\/www.ateneosdeandalucia.org\/\">Federaci\u00f3n de Ateneos de Andaluc\u00eda<\/a>.<\/p>\n\t\t\t\t<img loading=\"lazy\" src=\"https:\/\/www2.whoi.edu\/staff\/mceballosromero\/wp-content\/uploads\/sites\/272\/2024\/04\/ele-1.png\" alt=\"ele\" height=\"810\" width=\"609\" title=\"ele\" \/>\n\t<h3>Entrevista Andaluzas y cient\u00edficas: rompe barreras, crea futuro<\/h3>\n<p><a href=\"https:\/\/twitter.com\/universidadand\/status\/1768389610877432251?t=oOngQ3T1vfc8813Sx9fQPw\">Elena Ceballos Romero: &#8220;El mundo necesita m\u00e1s mujeres cient\u00edficas, el mundo necesita la perspectiva femenina y feminista&#8221;.<\/a><\/p>\n<p>La investigadora de la Universidad de Sevilla y la Woods Hole Oceanographic Institution, estudiosa de los oc\u00e9anos y su rol para combatir el cambio clim\u00e1ticoal, es elegida para poner voz a las mujeres cient\u00edficas que desarrollan su labor en Andaluc\u00eda.<\/p>\n<p>Programa <a href=\"https:\/\/www.larazon.es\/andalucia\/campana-visibilizar-trabajo-mujeres-cientificas-andalucia_2024030965ec9e85dac83100010775fa.html\">&#8220;Andaluzas y cient\u00edficas: rompe barreras, crea futuro&#8221;<\/a>.<\/p>\n<p>14 de marzo del 2024. Por Conserjer\u00eda<br role=\"presentation\" \/>Universidad, Investigaci\u00f3n e Innovaci\u00f3n de la Junta de Andaluc\u00eda.<\/p>\n\t\t\t\t<img loading=\"lazy\" src=\"https:\/\/www2.whoi.edu\/staff\/mceballosromero\/wp-content\/uploads\/sites\/272\/2024\/04\/ahora.png\" alt=\"ahora\" height=\"203\" width=\"753\" title=\"ahora\" \/>\n\t<h3>Entrevista en el podcast &#8220;Ahora me entero&#8221; de Juanje Di\u00e1nez<\/h3>\n<p><a href=\"https:\/\/www.youtube.com\/watch?v=pZkoTVREhH4\">Elena Ceballos Romero: &#8220;No sab\u00eda lo fascinante que me iba a resultar a la oceanograf\u00eda y lo que yo que iba enamorar del oce\u00e1no y todo lo que hace por nosotros y todo lo que implica&#8221;.<\/a><\/p>\n<p>La investigadora de la Universidad de Sevilla y la Woods Hole Oceanographic Institution nos habla de su trayectoria profesional y su investigaci\u00f3n sobre el oc\u00e9ano en un tono muy personal.<\/p>\n<p>Programa <a href=\"https:\/\/www.youtube.com\/@JuanjeDianez\">Ahora me entero<\/a>, un podcast de Juanje Di\u00e1nez.<\/p>\n<p>25 de febrero del 2024. Por Juanje Di\u00e1nez.<\/p>\n\t\t\t\t<img loading=\"lazy\" src=\"https:\/\/www2.whoi.edu\/staff\/mceballosromero\/wp-content\/uploads\/sites\/272\/2024\/04\/YCdtkLKA.jpeg\" alt=\"YCdtkLKA\" height=\"924\" width=\"2000\" title=\"YCdtkLKA\" \/>\n\t<h3>&#8220;11F &#8211; D\u00cdA INTERNACIONAL DE LA MUJER Y LA NI\u00d1A EN LA CIENCIA&#8221; CON IES Punta del Verde<\/h3>\n<p>Elena Ceballos Romero: &#8220;Explorando el oc\u00e9ano, la \u00faltima gran frontera&#8221;.<\/p>\n<p>Charla divulgativa acerca de la investigaci\u00f3n oceanogr\u00e1fica dirigida a estudiantes de 3\u00ba y 4\u00ba de la ESO del <a href=\"https:\/\/www.iespuntadelverde.es\/\">IES Punta del Verde<\/a> de Sevilla.<\/p>\n<p>7 de febrero del 2024. Por IES Punta del Verde, Sevilla (Espa\u00f1a).<\/p>\n\t\t\t\t<img loading=\"lazy\" src=\"https:\/\/www2.whoi.edu\/staff\/mceballosromero\/wp-content\/uploads\/sites\/272\/2024\/04\/1675679952963Logo_CarnavalSur.png\" alt=\"1675679952963Logo_CarnavalSur\" height=\"191\" width=\"1048\" title=\"1675679952963Logo_CarnavalSur\" \/>\n\t<h3>Entrevista en el programa de radio &#8220;Carnaval Sur&#8221; de Canal Sur<\/h3>\n<p><a href=\"https:\/\/www.canalsur.es\/radio\/programas\/carnaval-sur\/detalle\/23341198.html?video=2009551\">Elena Ceballos Romero: &#8220;Hay que darse cuenta de la importancia de proteger nuestros oce\u00e1nos, labor que empieza en casa de cada uno.&#8221;<\/a><\/p>\n<p>La investigadora de la Universidad de Sevilla y la Woods Hole Oceanographic Institution nos habla de sus estudios del ciclo del carbono en los oc\u00e9anos y su funci\u00f3n como principal pulm\u00f3n del planeta en la Semifinal<br role=\"presentation\" \/>2024 &#8211; 04\/02\/2024 (a partir de 2h 53min).<\/p>\n<p>Programa <a href=\"https:\/\/www.canalsur.es\/Carnavalsur-2294.html\">Carnaval Sur<\/a>, la \u00fanica cadena junto con Radio Andaluc\u00eda que transmite para toda Andaluc\u00eda y el mundo el concurso de Agrupaciones del Carnaval de C\u00e1diz de manera \u00edntegra.<\/p>\n<p>4 de febrero del 2024. Por Fernando P\u00e9rez.<\/p>\n\t\t\t\t<img loading=\"lazy\" src=\"https:\/\/www2.whoi.edu\/staff\/mceballosromero\/wp-content\/uploads\/sites\/272\/2024\/01\/RevistaUS.png\" alt=\"RevistaUS\" height=\"493\" width=\"652\" title=\"RevistaUS\" \/>\n\t<h3>Entrevista en la revista de la Universiad de Sevilla<\/h3>\n<p><a href=\"https:\/\/www.youtube.com\/watch?v=rnzOyl7KZO8\">Elena Ceballo Romero: me dedico a estudiar y a poner n\u00fameros de manera muy precisa a esa cantidad de di\u00f3xico de carbono que el oc\u00e9ano retira de la atm\u00f3sfera y que entierrra en el fondo marino, por lo tanto, ayud\u00e1ndonos a combatir el cambio clim\u00e1tico .\u00a0<\/a><\/p>\n<p>Entrevista de la Universidad de Sevilla acerca de la invesitgaci\u00f3n que Elena Ceballos lleva a cabo sobre el rol del oc\u00e9ano en el\u00a0 cambio clim\u00e1tico, su trayectoria y el premio &#8220;Gente de Andaluc\u00eda, gente de 10&#8221; que recibi\u00f3 recientemente otorgadopor <a href=\"https:\/\/www.linkedin.com\/company\/eldiario-es-andalucia\/\" data-attribute-index=\"4\" data-entity-type=\"MINI_COMPANY\">Eldiario.es Andalucia<\/a>.<\/p>\n<p>Programa &#8220;<a href=\"https:\/\/www.youtube.com\/watch?v=rnzOyl7KZO8\">Salvar la Tierra desde el mar&#8221;<\/a> para RevistaUS, la revista de la Universidad de Sevilla<\/p>\n<p>24 de enero del 2024. Por Revista US.<\/p>\n\t\t\t\t<img loading=\"lazy\" src=\"https:\/\/www2.whoi.edu\/staff\/mceballosromero\/wp-content\/uploads\/sites\/272\/2024\/01\/58.jpg\" alt=\"58\" height=\"1667\" width=\"2500\" title=\"58\" \/>\n\t<h3>PREMIO &#8220;GENTE DE ANDALUC\u00cdA, GENTE DE 10&#8221;<\/h3>\n<p><a href=\"https:\/\/www.youtube.com\/watch?v=N792k1ILPmw\">Elena Ceballos Romero: &#8220;Llevo siempre a mi tierra, a Andaluc\u00eda, all\u00e1 donde voy conmigo, as\u00ed que este reconocimiento que llega directo desde all\u00ed lo llevo aqu\u00ed conmigo en el coraz\u00f3n&#8221;<\/a> (minuto 38:20).<\/p>\n<p>Premios <a href=\"https:\/\/www.eldiario.es\/andalucia\/blog\/gente-de-andalucia\/eldiario-andalucia-celebra-decimo-aniversario-gala-entrega-premios-gente-10_132_10589524.html\">&#8216;Gente de Andaluc\u00eda, Gente de 10&#8217;<\/a> celebrados en conmemoraci\u00f3n del 10\u00ba aniversario de elDiario.es Andaluc\u00eda.<\/p>\n<p>8 de octubre del 2023. Por elDiario.es Andaluc\u00eda.<\/p>\n\t\t\t\t<img loading=\"lazy\" src=\"https:\/\/www2.whoi.edu\/staff\/mceballosromero\/wp-content\/uploads\/sites\/272\/2024\/10\/Tucaranesuena_US_1695210051.jpg\" alt=\"Tucaranesuena_US_1695210051\" height=\"300\" width=\"215\" title=\"Tucaranesuena_US_1695210051\" \/>\n\t<h3>Ponente y co-organizadora en el evento &#8220;Tu cara me suena II&#8221;<\/h3>\n<p><a href=\"https:\/\/www.constantina.org\/es\/actualidad\/noticias\/CELEBRADA-LA-JORNADA-DE-DIVULGACION-CIENTIFICA-TU-CARA-ME-SUENA-II-EN-CONSTANTINA-DE-LA-UNIVERSIDAD-DE-SEVILLA\/?urlBack=\">Elena Ceballos Romero participa en la jornada de divulgaci\u00f3n organizada en Guadalcanal.\u00a0<\/a><\/p>\n<p>La jornada de divulgaci\u00f3n est\u00e1 financiada por la Universidad de Sevilla (VIIPPIT-202-IV.2.) y organizada por 5 doctores de la localidad sevilla: Cristina Garc\u00eda Arroyo (Derecho), Elena Ceballos Romero (F\u00edsica), Julio Nogales Bueno (Qu\u00edmica), Mar\u00eda Luisa Dom\u00ednguez Barrag\u00e1n (Derecho) y Vanesa Guerrero Lozano (Matem\u00e1ticas), que consitutyen el GILS &#8211; Guadalcanal Institute of Legality and Science.<\/p>\n<p>La segunda edici\u00f3n de esta jornada fue celebrada en el IES San Fernando de Constantina (Sevilla).<\/p>\n<p>22 de septimebre del 2023. Por GILS.<\/p>\n\t\t\t\t<img loading=\"lazy\" src=\"https:\/\/www2.whoi.edu\/staff\/mceballosromero\/wp-content\/uploads\/sites\/272\/2023\/05\/download.png\" alt=\"download\" height=\"225\" width=\"225\" title=\"download\" \/>\n\t<h3>Entrevista en el programa de radio &#8220;Serendipias&#8221; de Cadena SER<\/h3>\n<p><a href=\"https:\/\/cadenaser.com\/cadena-ser\/serendipias\/\">Elena Ceballos Romero: &#8220;porque es un gran desconocido hemos obviado el papel del oe\u00e1no como principal pulm\u00f3n del planeta&#8221;.<\/a><\/p>\n<p>La investigadora de la Universidad de Sevilla y la Woods Hole Oceanographic Institution nos habla de sus estudios del ciclo del carbono en los oc\u00e9anos y su funci\u00f3n como principal pulm\u00f3n del planeta.<\/p>\n<p>Programa <a href=\"https:\/\/cadenaser.com\/cadena-ser\/serendipias\/\">Serendipias<\/a>, el podcast de divulgaci\u00f3n de ciencia de\u00a0 Cadena SER.<\/p>\n<p>14 de mayo del 2023. Por Ignacio Crespo.<\/p>\n\t\t\t\t<img loading=\"lazy\" src=\"https:\/\/www2.whoi.edu\/staff\/mceballosromero\/wp-content\/uploads\/sites\/272\/2023\/04\/Elena_AltaMar.jpg\" alt=\"Elena_AltaMar\" height=\"853\" width=\"853\" title=\"Elena_AltaMar\" \/>\n\t<h3>TRIBUNA ANUARIO MAR\u00cdTIMO ESPA\u00d1OL<\/h3>\n<p><a href=\"https:\/\/drive.google.com\/file\/d\/13qqwx9JvGFQE-ZtDnMj0s7If3NC5Hj4B\/view?usp=share_link\" data-summari-detected=\"true\">Elena Ceballos: &#8220;Respirar o no respirar, esa es la cuesti\u00f3n&#8221;.<\/a><\/p>\n<p>La investigadora de la Universidad de Sevilla y de la Woods Hole Oceanographic Institution nos da su opini\u00f3n acerca de la sitaci\u00f3n actual de los oce\u00e1no y la invesitgaci\u00f3n oceanogr\u00e1fica: &#8220;Necesitamos inversi\u00f3n en investigaci\u00f3n oceanogr\u00e1fica: buques oceanogr\u00e1ficos, expediciones alta mar, tecnolog\u00eda puntera y ciencia. Mucha ciencia&#8221;.<\/p>\n<p>28 de abril del 2023. Por Anuario Mar\u00edtimo Espa\u00f1ol.<\/p>\n\t\t\t\t<img loading=\"lazy\" src=\"https:\/\/www2.whoi.edu\/staff\/mceballosromero\/wp-content\/uploads\/sites\/272\/2023\/02\/Elena_Antarctic-scaled.jpg\" alt=\"Elena_Antarctic\" height=\"1707\" width=\"2560\" title=\"Elena_Antarctic\" \/>\n\t<h3>ENTREVISTA EN EL PERI\u00d3DICO EL ESPA\u00d1OL &#8211; DISRUPTORES E INNOVADORES<\/h3>\n<p><a href=\"https:\/\/www.elespanol.com\/invertia\/disruptores-innovadores\/innovadores\/investigacion\/20230225\/elena-ceballos-cientifica-espanola-desconocido-salvarnos-climatico\/743425981_0.html\" data-summari-detected=\"true\">Elena Ceballos: &#8220;Cuando comenc\u00e9 mi carrera no sab\u00eda que la oceanograf\u00eda era una rama de la ciencia. Eleg\u00ed las asignaturas que m\u00e1s me gustaban y ten\u00eda preferencia por trabajar en un laboratorio con instrumentos&#8221;.<\/a><\/p>\n<p>La investigadora de la Universidad de Sevilla y de la Woods Hole Oceanographic Institution naci\u00f3 y creci\u00f3 en dos provincias sin mar, Sevilla y Navarra. Es Licenciada en F\u00edsica y, cuando tom\u00f3 la decisi\u00f3n de estudiar esta rama del conocimiento, nada le hac\u00eda pensar que terminar\u00eda por surcar los mares a bordo de un barco para analizar lo que en ellos ocurre.<\/p>\n<p>25 de febrero del 2023. Por Noelia Hern\u00e1ndez.<\/p>\n\t\t\t\t<img loading=\"lazy\" src=\"https:\/\/www2.whoi.edu\/staff\/mceballosromero\/wp-content\/uploads\/sites\/272\/2023\/02\/1371344972174.jpg\" alt=\"1371344972174\" height=\"300\" width=\"1000\" title=\"1371344972174\" \/>\n\t<h3>&#8220;3\u00aa GYMKANA LA CIENCIA DE LOS DATOS&#8221;<\/h3>\n<p>Elena Ceballos Romero: <a href=\"https:\/\/www.youtube.com\/watch?v=qRCwQvOH8u8\" data-summari-detected=\"true\" data-summari-has-summary=\"false\">&#8220;Explorando un oc\u00e9ano de datos&#8221;<\/a> (minutos 14 a 44).<\/p>\n<p>Ponencia invitada en el evento <a href=\"https:\/\/www.uc3m.es\/secundaria\/gymkanadatos\">3\u00aa Gymkana La Ciencia de los Datos<\/a> en la Universidad Carlos III de Madrid. Charla divulgativa acerca de la investigaci\u00f3n oceanogr\u00e1fica y el uso de datos para monitorizar la salud de los oc\u00e9anos dirigida a estudiantes de 1\u00ba a 4\u00ba de secundaria.<\/p>\n<p>14 de febrero del 2023. Por Universidad Carlos III de Madrid (Espa\u00f1a).<\/p>\n\t\t\t\t<img loading=\"lazy\" src=\"https:\/\/www2.whoi.edu\/staff\/mceballosromero\/wp-content\/uploads\/sites\/272\/2023\/02\/Explorando-el-oceano-la-ultima-gran-frontera-42-\u00d7-29.7-cm-29.7-\u00d7-42-cm-1_page-0001.jpg\" alt=\"Explorando el oc\u00e9ano, la \u00faltima gran frontera (42\u00a0\u00d7\u00a029.7\u00a0cm) (29.7\u00a0\u00d7\u00a042\u00a0cm) (1)_page-0001\" height=\"2480\" width=\"1755\" title=\"Explorando el oc\u00e9ano, la \u00faltima gran frontera (42\u00a0\u00d7\u00a029.7\u00a0cm) (29.7\u00a0\u00d7\u00a042\u00a0cm) (1)_page-0001\" \/>\n\t<h3>&#8220;11F &#8211; D\u00cdA INTERNACIONAL DE LA MUJER Y LA NI\u00d1A EN LA CIENCIA&#8221; CON IES GALE\u00d3N<\/h3>\n<p>Elena Ceballos Romero: <a href=\"https:\/\/www.instagram.com\/reel\/Cooy_CoAYOQ\/?utm_source=ig_web_copy_link\">&#8220;Explorando el oc\u00e9ano, la \u00faltima gran frontera&#8221;<\/a>.<\/p>\n<p>Charla divulgativa acerca de la investigaci\u00f3n oceanogr\u00e1fica dirigida a estudiantes de 3\u00ba y 4\u00ba de la ESO del <a href=\"https:\/\/iesgaleon.es\/\">IES Gale\u00f3n<\/a> de Isla Cristina.<\/p>\n<p>10 de febrero del 2021. Por IES Gale\u00f3n, Isla Cirstina (Espa\u00f1a).<\/p>\n\t\t\t\t<img loading=\"lazy\" src=\"https:\/\/www2.whoi.edu\/staff\/mceballosromero\/wp-content\/uploads\/sites\/272\/2023\/02\/image.png\" alt=\"image\" height=\"1060\" width=\"1656\" title=\"image\" \/>\n\t<h3>ENTREVISTA EN EL PERI\u00d3DICO CANADIENSE &#8220;LE DEVOIR&#8221;<\/h3>\n<p><a href=\"https:\/\/www.ledevoir.com\/environnement\/768219\/oceans-la-route-du-carbone-vers-les-abysses\" data-summari-detected=\"true\">Elena Ceballos: &#8220;Con una c\u00e1mara, tenemos informaci\u00f3n sobre lo que ocurre en el interior del oc\u00e9ano 24 horas al d\u00eda, siete d\u00edas a la semana&#8221;.<\/a><\/p>\n<p>La investigadora de la Universidad de Sevilla y del Woods Hole Oceanographic Institution estuvo embarcada en agosto del 2022 en el buque de investigaci\u00f3n RV Endeavor, que navegaba por el Atl\u00e1ntico noroccidental para llevar a cabo varias misiones cient\u00edficas sobre la capa crepuscular. Elena estuvo a cargo del Twilight Zone Explorer, un veh\u00edculo submarino aut\u00f3nomo que puede descender a 6.000 metros de profundidad, equipado con una c\u00e1mara de alta definici\u00f3n.<\/p>\n<p>28 de octubre del 2022. Por Alexis Riopel.<\/p>\n\t\t\t\t<img loading=\"lazy\" src=\"https:\/\/www2.whoi.edu\/staff\/mceballosromero\/wp-content\/uploads\/sites\/272\/2022\/10\/download.jpg\" alt=\"download\" height=\"320\" width=\"320\" title=\"download\" \/>\n\t<h3>Entrevista en el programa de radio &#8220;espa\u00f1oles en la mar&#8221; de RTVE<\/h3>\n<p><a href=\"https:\/\/www.rtve.es\/play\/audios\/espanoles-en-la-mar\/espanoles-mar-entra-vigor-veto-europeo-pesca-fondo-10-10-22\/6710948\/\">Elena Ceballos Romero: &#8220;la NASA est\u00e1 convencida de que el secreto contra el cambio clim\u00e1tico se encuentra dentro del oc\u00e9ano&#8221;.<\/a><\/p>\n<p>La f\u00edsica e investigadora de la Universidad de Sevilla que participa en el los proyectos <a href=\"https:\/\/oceanexports.org\/\">EXPORTS<\/a> de la NASA y <a href=\"https:\/\/twilightzone.whoi.edu\/\">Ocean Twilight Zone<\/a> de la Woods Hole Oceanographic Institution para conocer al detalle el ciclo del carbono en los oc\u00e9anos, un arma indispensable con la que predecir c\u00f3mo se comportar\u00e1n los mares ante el cambio clim\u00e1tico.<\/p>\n<p>Programa <a href=\"https:\/\/www.rtve.es\/play\/audios\/espanoles-en-la-mar\/espanoles-mar-entra-vigor-veto-europeo-pesca-fondo-10-10-22\/6710948\/\">espa\u00f1oles en la mar<\/a> de La Corporaci\u00f3n de Radio y Televisi\u00f3n Espa\u00f1ola(RTVE).<\/p>\n<p>10 de octubre del 2022. Por Marta Fern\u00e1ndez.<\/p>\n\t\t\t\t<img loading=\"lazy\" src=\"https:\/\/www2.whoi.edu\/staff\/mceballosromero\/wp-content\/uploads\/sites\/272\/2022\/09\/ERN_ECR.jpg\" alt=\"ERN_ECR\" height=\"1060\" width=\"1080\" title=\"ERN_ECR\" \/>\n\t<h3>Ponente invitada en la &#8220;Noche Europea de los Investigadores&#8221;<\/h3>\n<p><a href=\"https:\/\/lanochedelosinvestigadores.fundaciondescubre.es\/actividades\/sabes-que-tambien-nieva-dentro-del-oceano\/\">Elena Ceballos Romero: &#8220;\u00bfSab\u00edas que tambi\u00e9n nieva dentro del oc\u00e9ano?&#8221;<\/a><\/p>\n<p>La jornada de divulgaci\u00f3n patrocinada por la Comisi\u00f3n Europea y organizada por la Universiad de Sevilla anualmente. La <a href=\"https:\/\/lanochedelosinvestigadores.fundaciondescubre.es\/\">Noche Europea de los Investigadores<\/a> llena las calles de m\u00e1s 300 ciudades europeas, incluyendo Sevilla, con cient\u00edficos que cuentan su invesitgaci\u00f3n de una manera accesible a todos los p\u00fablicos.<\/p>\n<p>30 de septiembre del 2022. Por Universidad de Sevilla y Comisi\u00f3n Europea.<\/p>\n\t\t\t\t<img loading=\"lazy\" src=\"https:\/\/www2.whoi.edu\/staff\/mceballosromero\/wp-content\/uploads\/sites\/272\/2022\/09\/GILS_TuCara.png\" alt=\"GILS_TuCara\" height=\"5479\" width=\"3869\" title=\"GILS_TuCara\" \/>\n\t<h3>Ponente y co-organizadora en el evento &#8220;Tu cara me suena I&#8221;<\/h3>\n<p><a href=\"http:\/\/canalciencia.us.es\/la-us-lleva-la-divulgacion-cientifica-a-guadalcanal\/\">Elena Ceballos Romero participa en la jornada de divulgaci\u00f3n organizada en Guadalcanal.\u00a0<\/a><\/p>\n<p>La jornada de divulgaci\u00f3n est\u00e1 financiada por la Universidad de Sevilla (VIIPPIT-2022-IV.2) y organizada por 5 doctores de la localidad sevilla: Cristina Garc\u00eda Arroyo (Derecho), Elena Ceballos Romero (F\u00edsica), Julio Nogales Bueno (Qu\u00edmica), Mar\u00eda Luisa Dom\u00ednguez Barrag\u00e1n (Derecho) y Vanesa Guerrero Lozano (Matem\u00e1ticas), que consitutyen el GILS &#8211; Guadalcanal Institute of Legality and Science.<\/p>\n<p>La primera edici\u00f3n de esta jornada fue celebrada en el IES Sierra del Agua de Guadalcanal (Sevilla).<\/p>\n<p>30 de septiembre del 2022. Por GILS.<\/p>\n\t\t\t\t<img loading=\"lazy\" src=\"https:\/\/www2.whoi.edu\/staff\/mceballosromero\/wp-content\/uploads\/sites\/272\/2022\/09\/Elena_wire-scaled.jpg\" alt=\"Elena_wire\" height=\"1707\" width=\"2560\" title=\"Elena_wire\" \/>\n\t<h3>ENTREVISTA EN EL PERI\u00d3DICO &#8220;EL CORREO DE ANDALUC\u00cdA&#8221;<\/h3>\n<p><a href=\"https:\/\/elcorreoweb.es\/sevilla\/nuestra-civilizacion-ha-infravalorado-lo-que-aporta-el-fondo-del-oceano-al-equilibrio-del-planeta-CX8099567\" data-summari-detected=\"true\">Elena Ceballos: &#8220;Nuestra civilizaci\u00f3n ha infravalorado lo que aporta el fondo del oc\u00e9ano al equilibrio del planeta&#8221;.<\/a><\/p>\n<p>La investigadora de la Universidad de Sevilla y del Woods Hole Oceanographic Institution est\u00e1 en primera l\u00ednea del proyecto de investigaci\u00f3n m\u00e1s importante a nivel mundial, impulsada con la NASA, para descubrir en las profundidades abisales c\u00f3mo contribuyen los oc\u00e9anos al equilibrio del planeta mediante la captaci\u00f3n de di\u00f3xido de carbono y qu\u00e9 capacidad tienen para afrontar los efectos del cambio clim\u00e1tico.<\/p>\n<p>29 de septiembre del 2022. Por Juan Luis Pav\u00f3n.<\/p>\n\t\t\t\t<img loading=\"lazy\" src=\"https:\/\/www2.whoi.edu\/staff\/mceballosromero\/wp-content\/uploads\/sites\/272\/2022\/09\/photo_2022-09-28_07-51-58.jpg\" alt=\"photo_2022-09-28_07-51-58\" height=\"1081\" width=\"1081\" title=\"photo_2022-09-28_07-51-58\" \/>\n\t<h3>Ponente invitada en la 3\u00aa edici\u00f3n del &#8220;Bootcamp SPUTNIK&#8221;<\/h3>\n<p><a href=\"https:\/\/sevilla.abc.es\/economia\/comienza-spuknit-chute-optimismo-emprendedores-futuro-20220927180728-nts.html#ns_campaign=rrss&amp;ns_mchannel=abcdesevilla-es&amp;ns_source=tw&amp;ns_linkname=seccion&amp;ns_fee=0&amp;_tcode=d2o3emIx\" data-summari-detected=\"true\">Elena Ceballos Romero: Explorando oc\u00e9anos, la \u00faltima gran frontera.<\/a><\/p>\n<p>El Bootcamp de <a href=\"https:\/\/321sputnik.com\/\" data-summari-detected=\"true\">SPUTNIK<\/a> es un programa intensivo de formaci\u00f3n de tecnolog\u00edas exponenciales y creaci\u00f3n de Start-ups dirigido a 500 j\u00f3venes estudiantes andaluces bajo el lema <a href=\"https:\/\/twitter.com\/search?q=%23DespegaHaciaelFuturo&amp;src=typed_query\">#DespegaHaciaelFuturo<\/a>.<\/p>\n<p>En la sesi\u00f3n pude contar la historia de una ni\u00f1a que, usando la curiosidad como motor de vida y de crecimiento, hoy se dedica a explorar los oc\u00e9anos.<\/p>\n<p>27 de septiembre del 2022. Por SPUTNIK y\u00a0 Mar\u00eda Jes\u00fas Pereira.<\/p>\n\t\t\t\t<img loading=\"lazy\" src=\"https:\/\/www2.whoi.edu\/staff\/mceballosromero\/wp-content\/uploads\/sites\/272\/2023\/02\/ElenaCeballos-Corregida.png\" alt=\"ElenaCeballos Corregida\" height=\"1200\" width=\"2000\" title=\"ElenaCeballos Corregida\" \/>\n\t<h3>Finalista de la IX Edici\u00f3n de los Premios &#8220;Mujeres a Seguir&#8221;<\/h3>\n<p><a href=\"https:\/\/www.mujeresaseguir.com\/social\/noticia\/1169622048615\/cinco-investigadoras-buscan-respuestas-cancer-cambio-climatico-misterios-del-universo.1.html\">Elena Ceballos Romero es elegida como una de las cinco finalistas del premio Mujeres a Seguir en la categor\u00eda Ciencia.<\/a><\/p>\n<p>Las candidatas han sido seleccionadas por el comit\u00e9 editorial de la Revistas MAS &#8211; Mujeres a Seguir, a partir de una lista larga de candidatas realizada a partir de las propuestas de la redacci\u00f3n, colaboradores y lectores.\u00a0<a href=\"https:\/\/www.mujeresaseguir.com\/social\/noticia\/1169585048615\/35-finalistas-de-premios-mujeres-seguir-2022.1.html\">Adem\u00e1s de por su notable trayectoria, las elegidas destacan por su proyecci\u00f3n de futuro y su firme compromiso social.\u00a0<\/a><\/p>\n<p>13 de septiembre del 2022. Por Revistas MAS &#8211; Mujeres a Seguir<\/p>\n\t\t\t\t<img loading=\"lazy\" src=\"https:\/\/www2.whoi.edu\/staff\/mceballosromero\/wp-content\/uploads\/sites\/272\/2022\/09\/Elena_COPE.png\" alt=\"Elena_COPE\" height=\"477\" width=\"846\" title=\"Elena_COPE\" \/>\n\t<h3>Entrevista en el programa de radio &#8220;Herrera en COPE&#8221;<\/h3>\n<p><a href=\"https:\/\/www.cope.es\/programas\/herrera-en-cope\/audios\/elena-ceballos-herrera-cope-oceano-gran-pulmon-tierra-20220919_2056119\">Elena Ceballos, f\u00edsica e investigadora oceanogr\u00e1fica: &#8220;El oc\u00e9ano es el gran pulm\u00f3n de la Tierra&#8221;. <\/a><\/p>\n<p>La cient\u00edfica espa\u00f1ola estudia en un proyecto con la NASA la zona m\u00e1s desconocida del planeta: la zona crepuscular oce\u00e1nica. Nos explica su importancia y su rol crucial en el calentamiento global y el cambio clim\u00e1tico.<\/p>\n<p>19 de septiembre\u00a0del 2022. Por Alberto Herrera.<\/p>\n\t\t\t\t<img loading=\"lazy\" src=\"https:\/\/www2.whoi.edu\/staff\/mceballosromero\/wp-content\/uploads\/sites\/272\/2021\/09\/LAB-ME.jpg\" alt=\"LAB-ME\" height=\"265\" width=\"706\" title=\"LAB-ME\" \/>\n\t<h3>Ponente invitada en el &#8220;III Congreso Internacional Innovaci\u00f3n Social&#8221;<\/h3>\n<p><a href=\"https:\/\/www.youtube.com\/watch?v=Tc6sEVDIvno&amp;t=136s\">Elena Ceballos Romero: &#8220;Los pulmones de la tierra: oce\u00e1nos&#8221;.<\/a><\/p>\n<p>Participaci\u00f3n online en el <a href=\"https:\/\/congresomagallaneselcano.com\/programa-sevilla\/\">III Congreso de Innovaci\u00f3n Social<\/a> organizado por el <a href=\"https:\/\/labmagallaneselcano.com\/\">Laboratorio de Innovaci\u00f3n Social Magallanes-Elcano<\/a> en la ciudad de Sevilla.\u00a0 Ponencia sobre el rol de los oc\u00e9anos como principal pulm\u00f3n del planeta y la investigaci\u00f3n oceanogr\u00e1fica actual para explorar las zonas desconocidas del oc\u00e9ano financiada por <a href=\"https:\/\/www.nasa.gov\/\">NASA<\/a> y <a href=\"https:\/\/www.whoi.edu\/\">WHOI<\/a> (Woods Hole Oceanographic Institution).<\/p>\n<p>7 de septiembre del 2022. Por Laboratorio de Innovaci\u00f3n Social Magallanes-Elcano.<\/p>\n\t\t\t\t<img loading=\"lazy\" src=\"https:\/\/www2.whoi.edu\/staff\/mceballosromero\/wp-content\/uploads\/sites\/272\/2022\/09\/photo_2022-09-13_14-01-53.jpg\" alt=\"photo_2022-09-13_14-01-53\" height=\"607\" width=\"1080\" title=\"photo_2022-09-13_14-01-53\" \/>\n\t<h3>Ponente invitada en la presentaci\u00f3n del &#8220;Trofeo Oce\u00e1nico Elcano&#8221;<\/h3>\n<p>Elena Ceballos Romero: <a href=\"https:\/\/www.marca.com\/vela\/2022\/09\/07\/6318916d22601d5b398b4581.html\">&#8220;El mayor hito cient\u00edfico de la primera vuelta al mundo fue demostrar algo que ahora tenemos claro: vivimos en un Planeta Oc\u00e9ano, mal llamado Planeta Tierra&#8221;<\/a>.<\/p>\n<p>Con motivo de la conmemoraci\u00f3n del V centenario de la primera vuelta al mundo se present\u00f3 el Trofeo Oce\u00e1nico Elcano. Fue un acto cargado de historia, ciencia y deporte. En \u00e9l pude aportar la perspectiva de investigaci\u00f3n oceanogr\u00e1fica y exploraci\u00f3n de las zonas desconocidas del oc\u00e9ano.<\/p>\n<p>6 de septiembre del 2022. Por Trofeo Oce\u00e1nico Elcano y Asociaci\u00f3n 500 a\u00f1os Primera Vuelta al Mundo.<\/p>\n\t\t\t\t<img loading=\"lazy\" src=\"https:\/\/www2.whoi.edu\/staff\/mceballosromero\/wp-content\/uploads\/sites\/272\/2022\/06\/photo_2022-06-23_06-50-41.jpg\" alt=\"photo_2022-06-23_06-50-41\" height=\"781\" width=\"1080\" title=\"photo_2022-06-23_06-50-41\" \/>\n\t<h3>Participaci\u00f3n en el programa &#8220;Alumni US&#8221;<\/h3>\n<p>Elena Ceballos Romero: <a href=\"https:\/\/www.youtube.com\/watch?v=XNr3Q0oicHA&amp;t=2s\">&#8220;Estudiar F\u00edsica en la Universidad de Sevilla marc\u00f3 un antes y un despu\u00e9s en mi vida. Me abri\u00f3 la mente, me prepar\u00f3 para la resoluci\u00f3n de problemas de toda \u00edndole y, sobre todo, alent\u00f3 mi curiosidad&#8221;<\/a>.<\/p>\n<p>Atr\u00e1s queda aquella bonita etapa de mi vida pero, gracias al programa <a href=\"https:\/\/alumni.us.es\/\">Alumni US<\/a>, mi vinculaci\u00f3n con la instituci\u00f3n sigue viva a trav\u00e9s de su red de egresados.<\/p>\n<p>Desde hace 15 a\u00f1os y sumando, #YosoydelaUS.<\/p>\n<p>21 de junio del 2022. Por Universidad Europea y Atresmedia Radio.<\/p>\n\t\t\t\t<img loading=\"lazy\" src=\"https:\/\/www2.whoi.edu\/staff\/mceballosromero\/wp-content\/uploads\/sites\/272\/2022\/05\/970x705-01-ELENA-CEBALLOS.jpg\" alt=\"970x705-01-ELENA-CEBALLOS\" height=\"705\" width=\"970\" title=\"970x705-01-ELENA-CEBALLOS\" \/>\n\t<h3>Participaci\u00f3n en el proyecto &#8220;Buscando Vocaciones&#8221;<\/h3>\n<p>Elena Ceballos Romero: <a href=\"https:\/\/buscandovocaciones.universidadeuropea.com\/video\/los-oceanos-tienen-la-capacidad-de-regular-el-clima-en-la-tierra\/\">&#8220;La capacidad natural del oc\u00e9ano de absorber di\u00f3xido de carbono ayuda a amortiguar los efectos del calentamiento global&#8221;<\/a>.<\/p>\n<p>Iniciativa de <a href=\"https:\/\/universidadeuropea.com\/noticias\/buscando-vocaciones-el-nuevo-proyecto-de-la-universidad-europea-y-atresmedia-radio-para-ayudar-a-los\/\">&#8220;Buscando Vocaciones&#8221;<\/a>, el nuevo proyecto de la Universidad Europea y Atresmedia Radio para ayudar a los j\u00f3venes a orientar su futuro profesional.<\/p>\n<p>&#8220;Os animo a que estudies ciencia, te permite aprender experimentando y alimenta tu curiosidad&#8221;, es el consejo de Elena Ceballos, f\u00edsica, ocean\u00f3grafa e investigadora de la NASA.<\/p>\n<p>Tambi\u00e9n disponible en <a href=\"https:\/\/www.youtube.com\/watch?v=Tqq8vhzVH4Q\">Youtube<\/a>.<\/p>\n<p>24 de mayo del 2022. Por Universidad Europea y Atresmedia Radio.<\/p>\n\t\t\t\t<img loading=\"lazy\" src=\"https:\/\/www2.whoi.edu\/staff\/mceballosromero\/wp-content\/uploads\/sites\/272\/2022\/05\/AlumniTalks_cartel_ECR.jpg\" alt=\"AlumniTalks_cartel_ECR\" height=\"2480\" width=\"2480\" title=\"AlumniTalks_cartel_ECR\" \/>\n\t<h3>Ponencia invitada en la Facultad de F\u00edsica de la Universidad de Sevilla &#8220;Alumni Talks&#8221;<\/h3>\n<p>Elena Ceballos Romero: <a href=\"https:\/\/www.youtube.com\/watch?v=XyrvahiQ2bQ\">&#8220;What the flux?! Mi camino a la Oceanograf\u00eda&#8221;<\/a>.<\/p>\n<p>Hablamos sobre las moralejas de la \u00faltima d\u00e9cada de trabajo tras haber terminado la Licenciatura en F\u00edsica, las aventuras y desventuras de hacer una tesis Doctoral y mi tema de investigaci\u00f3n actual: el papel presente y futuro de los oce\u00e1nos en el cambio clim\u00e1tico.<\/p>\n<p>Toda la informaci\u00f3n de la charla disponible en el <a href=\"https:\/\/investigacion.us.es\/noticias\/5228\">portal de investigaci\u00f3n de la Universidad de Sevilla<\/a>.<\/p>\n<p>24 de mayo del 2022. Por Facultad de F\u00edsica de la Universidad de Sevilla<\/p>\n\t\t\t\t<img loading=\"lazy\" src=\"https:\/\/www2.whoi.edu\/staff\/mceballosromero\/wp-content\/uploads\/sites\/272\/2022\/05\/Capture.png\" alt=\"Capture\" height=\"551\" width=\"971\" title=\"Capture\" \/>\n\t<h3>Entrevista en programa de radio &#8220;Hoy por Hoy Sevilla&#8221; Cadena SER<\/h3>\n<p>Elena Ceballos: <a href=\"https:\/\/cadenaser.com\/andalucia\/2022\/05\/23\/elena-ceballos-de-guadalcanal-a-massachusetts-por-la-via-de-la-investigacion-radio-sevilla\/\">&#8220;A trabajar con la NASA se llega por un c\u00famulo de casualidades y estudiando mucho&#8221;<\/a><\/p>\nElena Ceballos, de Guadalcanal a Massachusetts por la v\u00eda de la investigaci\u00f3n.<br \/>\nCentra su labor en estudiar &#8220;c\u00f3mo los oc\u00e9anos captan el di\u00f3xido de carbono de la atm\u00f3sfera y lo sumergen en los fondos marinos&#8221;.\n<p>23 de mayo del 2022. Por Salom\u00f3n Hachuel.<\/p>\n\t\t\t\t<img loading=\"lazy\" src=\"https:\/\/www2.whoi.edu\/staff\/mceballosromero\/wp-content\/uploads\/sites\/272\/2022\/03\/cartel.png\" alt=\"cartel\" height=\"967\" width=\"696\" title=\"cartel\" \/>\n\t<h3>Premio &#8220;Naturalmente rural: Mujer y Ciencia&#8221;<\/h3>\n<p>Elena Ceballos Romero: <a href=\"https:\/\/m.facebook.com\/story.php?story_fbid=337588698396803&amp;id=100064370272230&amp;sfnsn=scwspwa\">&#8220;Si he llegado a crecer m\u00e1s alto que otras es porque florec\u00ed a la luz de sus sombras&#8221;<\/a>.<\/p>\n<p><a href=\"https:\/\/m.facebook.com\/story.php?story_fbid=pfbid0N7pKWByAKqeHpySpbf519s3mZ5MAKGaDfEYVFwWcpER9P5dQ1S3U9uVziAWiix5Rl&amp;id=159217384142964&amp;m_entstream_source=timeline&amp;__tn__=%2As%2As-R\">Premio Naturalmente Rural<\/a> en la categor\u00eda Mujer y Ciencia organizado por el Parque Natural de la Sierra Norte de Sevilla en colaboraci\u00f3n con el Ayuntamiento de Alan\u00eds.<\/p>\n<p>23 de marzo del 2022. Por Parque Natural de la Sierra Norte de Sevilla.<\/p>\n\t\t\t\t<img loading=\"lazy\" src=\"https:\/\/www2.whoi.edu\/staff\/mceballosromero\/wp-content\/uploads\/sites\/272\/2022\/03\/Elena.jpg\" alt=\"Elena\" height=\"900\" width=\"675\" title=\"Elena\" \/>\n\t<h3>Ponencia invitada en la conferencia &#8220;Viaje al fondo marino&#8221;<\/h3>\n<p>Elena Ceballos Romero: &#8220;<a href=\"https:\/\/www.youtube.com\/watch?v=HzfOG4VJChA&amp;ab_channel=Institutfran%C3%A7aisd%27Espagne\">Sabemos menos de lo la zona crepuscular oce\u00e1nica de lo que sabemos del fondo del oc\u00e9ano. Y sabemos menos del fondo del oce\u00e1no de lo que sabemos de la superficie de la Luna<\/a>&#8221; (minuto 32).<\/p>\n<p>Participaci\u00f3n en la Conferencia Cient\u00edfica &#8220;Viaje al fondo marino&#8221; organizada por el <a href=\"https:\/\/www.institutfrancais.es\/madrid\/evento\/conferencia-cientifica-viaje-al-fondo-marino\/\">Instituto Franc\u00e9s de Madrid<\/a> tras la Cumbre Internacional \u00abOne Ocean\u00bb organizada por Francia en febrero en la ciudad de Brest y antes de la pr\u00f3xima conferencia de Naciones Unidas sobre el oc\u00e9ano en junio en Lisboa. Participaci\u00f3n junto con la bi\u00f3loga Fran\u00e7oise Gaill, vicepresidenta para la ciencia de la Plataforma Oc\u00e9ano y Clima, y presidenta de honor del comit\u00e9 cient\u00edfico del Centro Nacional franc\u00e9s de Investigaci\u00f3n Cient\u00edfica (CNRS), y la biotecn\u00f3loga Helena Vieira, directora general de Pol\u00edticas del Mar en el Ministerio portugu\u00e9s del Mar.<\/p>\n<p>Varios medios se hicieron eco del evento:<\/p>\n<ul>\n<li><a href=\"https:\/\/www.efeverde.com\/noticias\/sin-azul-no-hay-verde-oceano-conservacion\/\">EFE Verde<\/a>,<\/li>\n<li><a href=\"https:\/\/www.cope.es\/actualidad\/vivir\/biodiversidad\/noticias\/sin-azul-hay-verde-oceano-clama-por-conservacion-20220317_1976210\">COPE<\/a>,<\/li>\n<li><a href=\"https:\/\/www.infobae.com\/america\/agencias\/2022\/03\/17\/sin-azul-no-hay-verde-el-oceano-clama-por-su-conservacion\/?outputType=amp-type\">Infobae<\/a>.<\/li>\n<\/ul>\n<p>17 de marzo del 2022. Por Instituto Franc\u00e9s de Madrid.<\/p>\n\t\t\t\t<img loading=\"lazy\" src=\"https:\/\/www2.whoi.edu\/staff\/mceballosromero\/wp-content\/uploads\/sites\/272\/2022\/02\/WhatsApp-Image-2022-02-14-at-04.03.53.jpeg\" alt=\"WhatsApp Image 2022-02-14 at 04.03.53\" height=\"1024\" width=\"768\" title=\"WhatsApp Image 2022-02-14 at 04.03.53\" \/>\n\t<h3>Entrevista en el &#8220;IES Pino Montano&#8221;<\/h3>\n<p>Elena Ceballos Romero: &#8220;<a href=\"https:\/\/www.youtube.com\/watch?v=PuhEz0g1iuc\">Necesitamos estudiar los oc\u00e9anos para saber c\u00f3mo ser\u00e1 el clima futuro y la vida en la Tierra<\/a>&#8220;.<\/p>\n<p>Entrevista para la asignatura de Cultura Cient\u00edfica de los alumnos de 1\u00ba de Bachiller del IES Pino Montano de Sevilla (Espa\u00f1a).<\/p>\n<p>14 de febrero del 2022. Por Alba Romero y Paola Cercado.<\/p>\n\t\t\t\t<img loading=\"lazy\" src=\"https:\/\/www2.whoi.edu\/staff\/mceballosromero\/wp-content\/uploads\/sites\/272\/2022\/02\/photo_2022-02-11_09-50-32.jpg\" alt=\"photo_2022-02-11_09-50-32\" height=\"988\" width=\"988\" title=\"photo_2022-02-11_09-50-32\" \/>\n\t<h3>&#8220;11F &#8211; D\u00eda Internacional de la Mujer y la Ni\u00f1a en la Ciencia&#8221;<\/h3>\n<p>Elena Ceballos Romero: <a href=\"https:\/\/twitter.com\/Elena_IMOS\/status\/1492149939652202499?s=20&amp;t=uW3MlGy4gUwpdRNajaOaQg\">&#8220;Feliz d\u00eda de visibilizaci\u00f3n y reivindicaci\u00f3n. Pero sobre todo, \u00a1feliz d\u00eda de ciencia!&#8221;<\/a>.<\/p>\n<p>Reflexiones en un d\u00eda para agradecer y visibilizar a todas las grandes mujeres en Ciencia que han marcado el camino para que tantas otras tengamos hoy hueco.<\/p>\n<p>Tambi\u00e9n d\u00eda para crear referentes para que las m\u00e1s peque\u00f1as tengan una estela que seguir, que ha estado ah\u00ed siempre.<\/p>\n<p>11 de febrero del 2022. Por Elena Ceballos Romero.<\/p>\n\t\t\t\t<img loading=\"lazy\" src=\"https:\/\/www2.whoi.edu\/staff\/mceballosromero\/wp-content\/uploads\/sites\/272\/2022\/02\/IMG_20190114_143856-scaled.jpg\" alt=\"IMG_20190114_143856\" height=\"1806\" width=\"2560\" title=\"IMG_20190114_143856\" \/>\n\t<h3>&#8220;11F &#8211; D\u00cdA INTERNACIONAL DE LA MUJER Y LA NI\u00d1A EN LA CIENCIA&#8221; CON LICEO FRANC\u00c9S SEVILLA<\/h3>\n<p>Elena Ceballos Romero: &#8220;<a href=\"https:\/\/twitter.com\/Elena_IMOS\/status\/1492501091040301063?s=20&amp;t=Z5JIY3BbPK-TEvfex3HnZA\" data-summari-detected=\"true\" data-summari-has-summary=\"false\">Yo de peque\u00f1a me hice una promesa: ser cient\u00edf\u00edca antes que princesa<\/a>&#8220;.<\/p>\n<p>Relato cient\u00edfico dirigio a los m\u00e1s peque\u00f1os (3-6 a\u00f1os) del Liceo Franc\u00e9s de Sevilla.<\/p>\n<p>11 de febrero del 2022. Por Liceo Franc\u00e9s Sevilla.<\/p>\n\t\t\t\t<img loading=\"lazy\" src=\"https:\/\/www2.whoi.edu\/staff\/mceballosromero\/wp-content\/uploads\/sites\/272\/2022\/02\/Capture.png\" alt=\"Capture\" height=\"939\" width=\"1673\" title=\"Capture\" \/>\n\t<h3>&#8220;11F &#8211; D\u00eda Internacional de la Mujer y la Ni\u00f1a en la Ciencia&#8221; con Innovadoras TIC<\/h3>\n<p>Elena Ceballos Romero: &#8220;<a href=\"https:\/\/twitter.com\/cibervoluntario\/status\/1492070319322013707?s=20&amp;t=uW3MlGy4gUwpdRNajaOaQg\">Mi profesora de F\u00edsica de Bachiller consigui\u00f3 que yo me animara a seguir mi coraz\u00f3n y estudiar F\u00edsica<\/a>&#8220;.<\/p>\n<p>Visibilizaci\u00f3n de las innovadoras seleccionadas para el libro &#8220;Mujeres referentes del Siglo XXI&#8221; editado por Innovadoras TIC y de sus referentes femeninos en Ciencia.<\/p>\n<p>11 de febrero del 2022. Por Innovadoras TIC.<\/p>\n\t\t\t\t<img loading=\"lazy\" src=\"https:\/\/www2.whoi.edu\/staff\/mceballosromero\/wp-content\/uploads\/sites\/272\/2021\/10\/UnMarDeCiencia.png\" alt=\"UnMarDeCiencia\" height=\"299\" width=\"301\" title=\"UnMarDeCiencia\" \/>\n\t<h3>Entrevista en el programa de radio &#8220;Un mar de ciencia&#8221;<\/h3>\n<p>Elena Ceballos Romero: &#8220;El camino est\u00e1 en seguir tu esp\u00edritu curioso y nunca dejar de aprender&#8221;.<\/p>\n<p>Episodio &#8220;El oce\u00e1no inspira y el planeta respira&#8221; del programa <a href=\"https:\/\/www.radio.tomares.es\/index.php\/blog\/un-mar-de-ciencia-02-11-21\">Un mar de ciencia.<\/a><\/p>\n<p>2 de noviembre del 2021. Por Paco Solano.<\/p>\n\t\t\t\t<img loading=\"lazy\" src=\"https:\/\/www2.whoi.edu\/staff\/mceballosromero\/wp-content\/uploads\/sites\/272\/2022\/02\/TIC.png\" alt=\"TIC\" height=\"982\" width=\"1665\" title=\"TIC\" \/>\n\t<h3>Presentaci\u00f3n libro &#8220;Mujeres referentes del Siglo XXI&#8221;<\/h3>\n<p>Elena Ceballos Romero: &#8220;<a href=\"https:\/\/www.youtube.com\/watch?v=JWyTa-EhK1k&amp;ab_channel=Fundaci%C3%B3nCibervoluntarios\">Desde peque\u00f1a la curiosidad ha sido un motor de crecimiento en mi vida<\/a>&#8220;.<\/p>\n<p>Presentaci\u00f3n online del libro &#8220;Mujeres referentes del Siglo XXI&#8221; editado por Innovadoras TIC. Charla con algunas de las innovadoras seleccionadas para el libro. Debate sobre el papel de la mujer en la ciencia y c\u00f3mo combatir la brecha de g\u00e9nero en carreras STEM.<\/p>\n<p>6 de octubre del 2021. Por Innovadoras TIC.<\/p>\n\t\t\t\t<img loading=\"lazy\" src=\"https:\/\/www2.whoi.edu\/staff\/mceballosromero\/wp-content\/uploads\/sites\/272\/2021\/08\/ERN.jpg\" alt=\"ERN\" height=\"680\" width=\"1200\" title=\"ERN\" \/>\n\t<h3>Participaci\u00f3n online en la &#8220;Noche europea de los investigadores&#8221;<\/h3>\n<p><a href=\"https:\/\/lanochedelosinvestigadores.fundaciondescubre.es\/actividades\/como-es-la-vida-de-un-cientifico-a-bordo-de-un-buque-de-investigacion-oceanografica\/\">Elena Ceballos Romero: &#8220;\u00bfC\u00f3mo es la vida de un cient\u00edfico a bordo de un buque de investigaci\u00f3n oceanogr\u00e1fica?&#8221;<\/a><\/p>\n<p>Explicaci\u00f3n del d\u00eda a d\u00eda en alta mar en un buque de investigaci\u00f3n oceanogr\u00e1fica. Vivencias profesionales y personales de la campa\u00f1a oceanogr\u00e1fica al Atl\u00e1ntico Norte el pasado mes de mayo del 2021 como parte del proyecto estadounidense <a href=\"https:\/\/oceanexports.org\/\">EXPORTS<\/a> financiado por la <a href=\"https:\/\/www.nasa.gov\/\">NASA<\/a>.<\/p>\n<p>24 de septiembre del 2021. Por Universidad de Sevilla.<\/p>\n\t\t\t\t<img loading=\"lazy\" src=\"https:\/\/www2.whoi.edu\/staff\/mceballosromero\/wp-content\/uploads\/sites\/272\/2021\/09\/LAB-ME.jpg\" alt=\"LAB-ME\" height=\"265\" width=\"706\" title=\"LAB-ME\" \/>\n\t<h3>Ponente invitada en el &#8220;II Congreso Internacional Innovaci\u00f3n Social&#8221;<\/h3>\n<p><a href=\"https:\/\/www.youtube.com\/watch?v=hYwtEsVgOm8\">Elena Ceballos Romero: &#8220;Monet, Oc\u00e9ano y NASA: un camino para la predicci\u00f3n del clima terrestre futuro&#8221;.<\/a> (Minuto 17).<\/p>\n<p>Participaci\u00f3n online en el <a href=\"http:\/\/vcentenario.es\/eventos\/congreso-internacional-de-innovacion-social-2\/\">II Congreso de Innovaci\u00f3n Social<\/a> organizado por el <a href=\"https:\/\/labmagallaneselcano.com\/\">Laboratorio de Innovaci\u00f3n Social Magallanes-Elcano<\/a> en la ciudad de C\u00e1diz.\u00a0 Ponencia sobre la investigaci\u00f3n oceanogr\u00e1fica para mejorar las proyecciones clim\u00e1ticas futuras como parte de los proyectos estadounidenses <a href=\"https:\/\/oceanexports.org\/\">EXPORTS<\/a> financiado por la <a href=\"https:\/\/www.nasa.gov\/\">NASA<\/a> y <a href=\"https:\/\/twilightzone.whoi.edu\/\">OTZ<\/a> (Ocean Twilight Zone) finaciado por <a href=\"https:\/\/www.whoi.edu\/\">WHOI<\/a> (Woods Hole Oceanographic Institution).<\/p>\n<p>22 de septiembre del 2021. Por Laboratorio de Innovaci\u00f3n Social Magallanes-Elcano.<\/p>\n\t\t\t\t<img loading=\"lazy\" src=\"https:\/\/www2.whoi.edu\/staff\/mceballosromero\/wp-content\/uploads\/sites\/272\/2021\/07\/TIC.jpg\" alt=\"TIC\" height=\"1080\" width=\"1920\" title=\"TIC\" \/>\n\t<h3>Entrevista en el libro &#8220;Mujeres referentes del Siglo XXI&#8221;<\/h3>\n<p><a href=\"https:\/\/drive.google.com\/file\/d\/1l398UF6sz3bAEsY-OOBRwKe0zQLawCln\/view?usp=sharing\">Elena Ceballos Romero: &#8220;Hay que so\u00f1ar grande, aunque a veces d\u00e9 miedo&#8221;.\u00a0<\/a><\/p>\n<p>F\u00edsica especializada en detectores nucleares, hoy Elena Ceballos Romero trabaja junto a la <a href=\"https:\/\/www.nasa.gov\/\">NASA<\/a> en dos proyectos cuyos protagonistas son los oc\u00e9anos. \u00a1Descubre m\u00e1s sobre ella y su trabajo!<\/p>\n<p>30 de julio del 2021. Por Innovadoras TIC.<\/p>\n\t\t\t\t<img loading=\"lazy\" src=\"https:\/\/www2.whoi.edu\/staff\/mceballosromero\/wp-content\/uploads\/sites\/272\/2021\/07\/A3.jpg\" alt=\"A3\" height=\"168\" width=\"300\" title=\"A3\" \/>\n\t<h3>Entrevista en televisi\u00f3n nacional &#8220;Antena3 Noticias&#8221;<\/h3>\n<p><a href=\"https:\/\/twitter.com\/i\/status\/1418956310847102977\">Elena Ceballos Romero: &#8220;[La NASA] quiere lograr entender muy bien c\u00f3mo funcionan los oce\u00e1nos ahora mismo para ser capaces de predecir c\u00f3mo funcionar\u00e1n el d\u00eda de ma\u00f1ana&#8221;.\u00a0<\/a><\/p>\n<p>La <a href=\"https:\/\/www.nasa.gov\/\">NASA<\/a> estudia las profunidades de los oce\u00e1nos para conocer los niveles de ox\u00edgeno en el futuro. Con alta tecnolog\u00eda explora los lugares a los que no llega la luz del sol. En la expedici\u00f3n participan m\u00e1s de 150 cient\u00edficos, entre ellos, una espa\u00f1ola.<\/p>\n<p>23 de julio del 2021. Por Sonia Calvo-Fern\u00e1ndez Gallego.<\/p>\n\t\t\t\t<img loading=\"lazy\" src=\"https:\/\/www2.whoi.edu\/staff\/mceballosromero\/wp-content\/uploads\/sites\/272\/2021\/07\/69.jpg\" alt=\"69\" height=\"720\" width=\"1280\" title=\"69\" \/>\n\t<h3>Entrevista en el programa de radio &#8220;Julia en la onda&#8221;<\/h3>\n<p><a href=\"https:\/\/www.ondacero.es\/programas\/julia-en-la-onda\/audios-podcast\/entrevistas\/elena-ceballos-fisica-investigadora-oceanografica-explotar-parte-mas-profunda-aun-desconocida-oceanos-peligro_2021071560f05f7d70facd0001f9bc82.html\">Elena Ceballos, f\u00edsica e investigadora oceanogr\u00e1fica: &#8220;Explotar la parte m\u00e1s profunda y desconocida de los oc\u00e9anos es un peligro&#8221;<\/a><\/p>\n<p>\u00bfQu\u00e9 hace la <a href=\"https:\/\/www.nasa.gov\/\">NASA<\/a> en el fondo del mar? Hablamos con la investigadora Elena Ceballos, sobre el proyecto <a href=\"https:\/\/twilightzone.whoi.edu\/\">&#8216;Ocean Twilight Zone&#8217;<\/a> que estudia la zona crepuscular marina que es clave para la producci\u00f3n de ox\u00edgeno en el planeta Tierra.<\/p>\n<p>15 de julio del 2021. Por Carmen Juan.<\/p>\n\t\t\t\t<img loading=\"lazy\" src=\"https:\/\/www2.whoi.edu\/staff\/mceballosromero\/wp-content\/uploads\/sites\/272\/2021\/07\/Imagen.jpg\" alt=\"Imagen\" height=\"409\" width=\"614\" title=\"Imagen\" \/>\n\t<h3>Entrevista en el programa de radio &#8220;La Tarde COPE&#8221;<\/h3>\n<p><a href=\"https:\/\/www.cope.es\/programas\/la-tarde\/audios\/escucha-tarde-06-07-2021-18h-19h-20210706_1516366\">Elena Ceballos, f\u00edsica e investigadora oceanogr\u00e1fica: &#8220;Sin azul no hay verde&#8221;. <\/a><\/p>\n<p>La cient\u00edfica espa\u00f1ola estudia en el proyecto <a href=\"https:\/\/twilightzone.whoi.edu\/\">&#8216;Ocean Twilinght Zone&#8217;<\/a> la zona crepuscular marina y advierte de los peligros para el mayor pulm\u00f3n del planeta.<\/p>\n<p>6 de julio del 2021. Por Fernando de Haro.<\/p>\n\t\t\t\t<img loading=\"lazy\" src=\"https:\/\/www2.whoi.edu\/staff\/mceballosromero\/wp-content\/uploads\/sites\/272\/2021\/07\/WHOI_Sarmiento_050721_035.jpg\" alt=\"WHOI_Sarmiento_050721_035\" height=\"1300\" width=\"2000\" title=\"WHOI_Sarmiento_050721_035\" \/>\n\t<h3>Entrevista en el peri\u00f3dico &#8220;elDiario.es Andaluc\u00eda&#8221;<\/h3>\n<p><a href=\"https:\/\/www.eldiario.es\/andalucia\/elena-ceballos-cientifica-sevillana-nasa-ciencia-da-respuestas-decisiones-ignorando_1_8074958.html\">Elena Ceballos, una cient\u00edfica sevillana con la NASA: &#8220;La ciencia da respuestas para tomar decisiones, pero se est\u00e1n ignorando&#8221;<\/a><\/p>\n<p>La f\u00edsica e investigadora de la Universidad de Sevilla participa en el proyecto<a href=\"https:\/\/oceanexports.org\/\"> EXPORTS<\/a> y el <a href=\"https:\/\/twilightzone.whoi.edu\/\">Ocean Twighlight Zone<\/a> para conocer al detalle el ciclo del carbono en los oc\u00e9anos, un arma indispensable con la que predecir c\u00f3mo se comportar\u00e1n los mares ante el cambio clim\u00e1tico. &#8220;Si en Espa\u00f1a hubiera la mitad de financiaci\u00f3n que hay en EE.UU., ser\u00edamos completamente pioneros en todo&#8221;<\/p>\n<p>27 de junio del 2021. Por Carla Rivero.<\/p>\n\t\t\t\t<img loading=\"lazy\" src=\"https:\/\/www2.whoi.edu\/staff\/mceballosromero\/wp-content\/uploads\/sites\/272\/2021\/07\/IMG_20190102_104647-225x300.jpg\" alt=\"IMG_20190102_104647\" height=\"300\" width=\"225\" title=\"IMG_20190102_104647\" \/>\n\t<h3>Entrevista en el peri\u00f3dico &#8220;Ciencia El Pa\u00eds&#8221;<\/h3>\n<p><a href=\"https:\/\/elpais.com\/ciencia\/2021-06-22\/elena-ceballos-fisica-e-investigadora-oceanografica-sin-azul-no-hay-verde.html\">Elena Ceballos, f\u00edsica e investigadora oceanogr\u00e1fica: &#8220;Sin azul no hay verde&#8221;.<\/a><\/p>\n<p>La cient\u00edfica espa\u00f1ola estudia en el proyecto &#8216;<a href=\"https:\/\/twilightzone.whoi.edu\/\">Ocean Twilight Zone<\/a>&#8216; la zona crepuscular marina y advierte de los peligros para el mayor pulm\u00f3n del planeta.<\/p>\n<p>21 de junio de 2021. Por Ra\u00fal Lim\u00f3n.<\/p>\n\t\t\t\t<img loading=\"lazy\" src=\"https:\/\/www2.whoi.edu\/staff\/mceballosromero\/wp-content\/uploads\/sites\/272\/2021\/07\/WHOI_Sarmiento_050221_048.jpg\" alt=\"WHOI_Sarmiento_050221_048\" height=\"1300\" width=\"2000\" title=\"WHOI_Sarmiento_050221_048\" \/>\n\t<h3>Dia Mundial de los oce\u00e1nos 2021<\/h3>\n<p><a href=\"https:\/\/www.us.es\/actualidad-de-la-us\/la-us-participa-en-una-campana-oceanografica-al-atlantico-norte-financiada-por\">La US participa en una campa\u00f1a oceanogr\u00e1fica al Atl\u00e1ntico Norte financiada por la NASA.<\/a><\/p>\n<p>Tres buques oceanogr\u00e1ficos, 150 investigadores internacionales y los centros de investigaci\u00f3n oceanogr\u00e1fica m\u00e1s potentes del mundo han participado en la <a href=\"https:\/\/twilightzone.whoi.edu\/missions\/r-v-sarmiento-de-gamboa-may-2021\/\">expedici\u00f3n<\/a>.<\/p>\n<p>8 de junio del 2021. Investigaci\u00f3n Universidad de Sevilla.<\/p>\n\t\t\t\t<img loading=\"lazy\" src=\"https:\/\/www2.whoi.edu\/staff\/mceballosromero\/wp-content\/uploads\/sites\/272\/2021\/07\/imagen-300x300.jpg\" alt=\"imagen\" height=\"300\" width=\"300\" title=\"imagen\" \/>\n\t<h3>Entrevista en AOLDE radio &#8211; &#8220;Al Otro Lado Del Espejo&#8221;<\/h3>\nPrograma #446 &#8211; Plan de Inmersiones &#8211; Briefing<br \/>\n00,06&#8217;41&#8221; &#8211; Abrimos con la secci\u00f3n &#8220;Gentes de la Mar&#8221;, una interesant\u00edsima propuesta para conocer el trabajo de <a href=\"https:\/\/www.ivoox.com\/\/al-otro-lado-del-espejo-446-05-06-21-audios-mp3_rf_70977477_1.html\">Cristina Garc\u00eda Fern\u00e1ndez, Bi\u00f3loga marina y Elena Ceballos Romero Doctora en Ciencias y Tecnolog\u00edas F\u00edsicas<\/a>, ambas cient\u00edficas de la<a href=\"https:\/\/twilightzone.whoi.edu\/missions\/r-v-sarmiento-de-gamboa-may-2021\/\"> Expedici\u00f3n Into the Twilight Zone<\/a> del <a href=\"https:\/\/www.whoi.edu\/\">Wood Hole Oceanographic Institution<\/a>.\n<p>7 de junio de 2021. Por Rol Freeman.<\/p>\n\n","protected":false},"excerpt":{"rendered":"<p>Actividades de divulgaci\u00f3n en espa\u00f1ol Entrevista en &#8220;ABC Sevilla&#8221; Elena Ceballos Romero: &#8220;M\u00e1s de 30 playas andaluzas est\u00e1n en riesgo de desaparecer por el cambio clim\u00e1tico.&#8221; La investigadora del Departamento de F\u00edsica Aplicada II es Doctora en F\u00edsica y especialista en oceanograf\u00eda y estudia desde hace a\u00f1os el papel del oc\u00e9ano en el cambio clim\u00e1tico.&hellip;<\/p>\n","protected":false},"author":267,"featured_media":0,"parent":0,"menu_order":0,"comment_status":"closed","ping_status":"closed","template":"","meta":[],"_links":{"self":[{"href":"https:\/\/www2.whoi.edu\/staff\/mceballosromero\/wp-json\/wp\/v2\/pages\/159"}],"collection":[{"href":"https:\/\/www2.whoi.edu\/staff\/mceballosromero\/wp-json\/wp\/v2\/pages"}],"about":[{"href":"https:\/\/www2.whoi.edu\/staff\/mceballosromero\/wp-json\/wp\/v2\/types\/page"}],"author":[{"embeddable":true,"href":"https:\/\/www2.whoi.edu\/staff\/mceballosromero\/wp-json\/wp\/v2\/users\/267"}],"replies":[{"embeddable":true,"href":"https:\/\/www2.whoi.edu\/staff\/mceballosromero\/wp-json\/wp\/v2\/comments?post=159"}],"version-history":[{"count":4,"href":"https:\/\/www2.whoi.edu\/staff\/mceballosromero\/wp-json\/wp\/v2\/pages\/159\/revisions"}],"predecessor-version":[{"id":820,"href":"https:\/\/www2.whoi.edu\/staff\/mceballosromero\/wp-json\/wp\/v2\/pages\/159\/revisions\/820"}],"wp:attachment":[{"href":"https:\/\/www2.whoi.edu\/staff\/mceballosromero\/wp-json\/wp\/v2\/media?parent=159"}],"curies":[{"name":"wp","href":"https:\/\/api.w.org\/{rel}","templated":true}]}}