{"id":303,"date":"2021-10-04T18:25:20","date_gmt":"2021-10-04T22:25:20","guid":{"rendered":"https:\/\/www2.whoi.edu\/staff\/mceballosromero\/?page_id=303"},"modified":"2026-04-13T10:52:31","modified_gmt":"2026-04-13T14:52:31","slug":"outreach_and_teaching","status":"publish","type":"page","link":"https:\/\/www2.whoi.edu\/staff\/mceballosromero\/outreach_and_teaching\/","title":{"rendered":"Outreach &amp; Teaching"},"content":{"rendered":"\n\n\t\n<h1>Outreach<\/h1>\n<p>Outreach activities are currently available only in Spanish in <a href=\"https:\/\/www2.whoi.edu\/staff\/mceballosromero\/actividades-de-divulgacion-en-espanol\/\" data-summari-detected=\"true\">here<\/a> and include:<\/p>\n<ol>\n<li>Interview in the newspaper <a href=\"https:\/\/www.abc.es\/sevilla\/ciudad\/plazas-andaluzas-riesgo-desaparecer-cambio-climatico-20260412001635-nts.html\"><i>ABC Sevilla<\/i><\/a> by Jes\u00fas \u00c1lvarez. April 13, 2026.<\/li>\n<li>Interview in the newspaper <a href=\"https:\/\/www.vozpopuli.com\/actualidad\/cuatro-cientificas-espanolas-alzan-la-voz-desde-africa-liderazgo-femenino-para-cambiar-la-ciencia.html\"><i>Voz P\u00f3puli<\/i><\/a> by C\u00e9sar Ortiz. March 9, 2026.<\/li>\n<li>Guest editorial <em><a href=\"https:\/\/diarioresponsable.com\/opinion\/39112-no-existe-transicion-ecologica-si-no-es-tambien-una-transicion-social\">Can there be an ecological transition without gender equality?<\/a><\/em>, with Almudena D\u00edez, newspaper Diario Reponsable. Spain. March 6, 2026.<\/li>\n<li>Interview in the Andalusian radio program <em><a href=\"https:\/\/www.canalsur.es\/multimedia.html?id=2250451\">Andaluc\u00eda a las 2<\/a> <\/em>(min 40) by Nieves Risquet. March 2, 2026.<\/li>\n<li>Interview in the blog &#8220;laCaixa&#8221; Foundation Alumni Awards <a href=\"https:\/\/becarios.fundacionlacaixa.org\/en\/web\/guest\/stories\/rumbo-a-la-zona-abisal?srh=9\"><em>Heading for the abyssal zone<\/em><\/a> by &#8220;laCaixa&#8221; Foundation. February 25, 2026.<\/li>\n<li>Interview in the newspaper <a href=\"https:\/\/www.lavozdegalicia.es\/noticia\/yes\/2026\/02\/21\/aldea-galicia-puedes-ver-valores-parecidos-africa\/0003_202602SY21P28991.htm\"><i>La voz de Galicia<\/i><\/a> by Ana Abelenda. February 23, 2026.<\/li>\n<li>Interview in the newspaper <em><a href=\"https:\/\/www.elespanol.com\/enclave-ods\/referentes\/20260218\/espanolas-tanzania-promover-liderazgo-femenino-no-faltan-datos-falta-conexion\/1003744133986_0.html\">El Espa\u00f1ol &#8211; En clave ODS<\/a><\/em> by Mariana Goya. February 18, 2026.<\/li>\n<li>Interview in the radio program <a href=\"https:\/\/www.rtve.es\/play\/audios\/a-golpe-de-bit\/golpe-bit-cuatro-cientificas-espanolas-ejemplo-liderazgo-femenino\/16933317\/\"><em>A golpe de bit<\/em><\/a><i>\u00a0<\/i>by \u00c1lvaro S\u00e1nchez y Diego Marcos (min 19). February 11, 2026.<\/li>\n<li>Guest speaker at the outreach event <a href=\"https:\/\/caixaforum.org\/es\/sevilla\/p\/ciencia-que-une-talento-que-avanza-sevilla\"><em>11F at the CaixaForum Sevilla<\/em>\u00a0<\/a>organized by Fundaci\u00f3n &#8220;laCaixa&#8221; and Science for Change (Spain). February 11, 2026.<\/li>\n<li>Interview in the newspaper <a href=\"https:\/\/www.larazon.es\/sociedad\/elena-ceballos-fisica-oceanografa-oceano-nos-protege-pero-siempre_20260131697bc4bb2f00a04688ed03de.html?outputType=amp\"><i>La Raz\u00f3n <\/i><\/a>by Ana Abizanda. January 31, 2026.<\/li>\n<li>Interview in the Andalusian radio program <em><a href=\"https:\/\/www.canalsur.es\/multimedia.html?id=2237786\">Climate Change<\/a> <\/em>(min 18) by Javier Bola\u00f1os. January 26, 2026.<\/li>\n<li>Interview in the newspaper <em><a href=\"https:\/\/www.nationalgeographic.com.es\/ciencia\/elena-ceballos-oceanografa-sobre-groenlandia-disputa-politica-quiere-declive-artico_27286\">National Geographic Spain<\/a> <\/em>by Pedro Molina. January 19, 2026.<\/li>\n<li>Interview in the TV program <a href=\"https:\/\/www.7tvandalucia.es\/video\/documental\/260109-tierra-7-mp4\/20260109150042007439.html?utm_medium=social&amp;utm_source=whatsapp&amp;utm_campaign=share_button\"><em>Tierra 7<\/em><\/a><i>\u00a0<\/i>by Jorge Molina Arroyo (min 15:35). January 10, 2026.<\/li>\n<li>Guest speaker at the event <em><a href=\"https:\/\/www.linkedin.com\/posts\/inspiringirlse_niaehassinlimites-activity-7346100553485025280-WSOV?utm_source=share&amp;utm_medium=member_desktop&amp;rcm=ACoAAAy448kBJq6DU5YVoN66k4w24SCvIHlsoLU\">Inspiring Women. Women in Science<\/a><\/em>, organized by <a href=\"https:\/\/www.linkedin.com\/company\/inspiringirlse\/posts\/\">Inspiring Girls<\/a> Spain and <a href=\"https:\/\/www.linkedin.com\/company\/acciona\/posts\/?feedView=all\">ACCIONA<\/a> on the occasion of the 4th United Nations International Conference on Financing for Development (Spain). July 1, 2025.<\/li>\n<li>Guest speaker at the event <em><a href=\"https:\/\/cienciabar.wordpress.com\/\">Ciencia en el bar<\/a><\/em>, organized by University of Sevilla (Spain). June 4, 2025.<\/li>\n<li>Guest speaker at the event <em><a href=\"http:\/\/www.iesramoncarande.com\/cafe-con-ciencia-2\/\">Pint of Science Spain<\/a><\/em>, organized by Pint of Science (Spain). May 21, 2025.<\/li>\n<li>Guest speaker at the event <em><a href=\"http:\/\/www.iesramoncarande.com\/cafe-con-ciencia-2\/\">Caf\u00e9 con Ciencia<\/a><\/em>, held during the <a href=\"https:\/\/feriadelaciencia.org\/01_FERIACIENCIA\/\">23st Science <\/a>Fair organized by Fundaci\u00f3n Descubre in Seville (Spain). April 22, 2025.<\/li>\n<li>Guest speaker at the event <a href=\"https:\/\/www.youtube.com\/watch?v=PTgJ4ZI2tpc\"><em data-start=\"18\" data-end=\"93\">The human marsh: an emotional journey through the andalusian marshlands<\/em><\/a>, featuring Rafael Peralta Revuelta, Antonio Rodr\u00edguez Clarita, and Antonio Aguilera Nieves by Espacio Cobertura Photo. April 3, 2025.<\/li>\n<li>Interview in the newspaper <em><a href=\"https:\/\/www.larazon.es\/andalucia\/brecha-genero-ciencia-llegaba-tener-verguenza-decir-que-estaba-estudiando-quimica_2025030367bdf33984d502000112ad1b.html\">La Raz\u00f3n<\/a><\/em> by Fran C\u00e1rceles. March 3, 2025.<\/li>\n<li>Guest speaker at the outreach event <a href=\"https:\/\/fundaciondescubre.es\/noticias\/andalucia-lleva-la-ciencia-al-parlamento-autonomico-para-celebrar-el-dia-internacional-de-la-mujer-y-la-nina\/\"><em>11F at the Andalusian Parliament<\/em>\u00a0<\/a>organized by Fundaci\u00f3n Descubre (Spain). February 11, 2025.<\/li>\n<li>Guest editorial <em><a href=\"https:\/\/elpais.com\/ciencia\/las-cientificas-responden\/2025-01-27\/tiene-el-agua-del-oceano-la-misma-densidad-a-cualquier-profundidad.html\">Does ocean water have the same density at all depths?<\/a><\/em>, The female scientists respond, with Victoria Toro, newspaper El Pa\u00eds. Spain. January 27, 2025.<\/li>\n<li>Guest speaker at the event <a href=\"https:\/\/www.youtube.com\/watch?v=6y_4TUjCihw\"><em>Women and SDGs: the role of female leadership in the face of global challenges<\/em><\/a> organized by <a href=\"https:\/\/www.infolibre.es\/club-infolibre\/mujeres-ods-foros-infolibre_1_1913016.html\">inofLibre<\/a>. December 12, 2024.<\/li>\n<li>Guest speaker and co-organizer of the outreach event <a href=\"https:\/\/www.us.es\/eventos\/agenda\/la-jornada-de-divulgacion-tu-cara-me-suena-llega-cazalla-de-la-sierra\" data-summari-detected=\"true\"><em>Your face sounds familiar III: the university world comes to your town<\/em><\/a> organized by GILS (Spain). October 25, 2024.<\/li>\n<li>Guest speaker at the Bootcamp <a href=\"https:\/\/321sputnik.com\/\" data-summari-detected=\"true\">SPUTNIK<\/a> with a talk entitled <em><a href=\"https:\/\/x.com\/321_sputnik\/status\/1848641555592073563\" data-summari-detected=\"true\">Exploring the oceans, the last great frontier<\/a><\/em> organized by SPUTNIK (Spain). October 22, 2024.<\/li>\n<li>Interview in the newspaper <em><a href=\"https:\/\/www.eldiario.es\/andalucia\/blogs\/postales\/universitarias\/alemania-sevilla-pasando-estados-unidos-experiencia-marco-carrera-vida-cientifica-elena-ceballos_132_11714757.html\">elDiario.es Andaluc\u00eda<\/a><\/em> by Sara Rojas. October 11, 2024.<\/li>\n<li>Guest speaker at the event<a href=\"https:\/\/www.zonafrancacadiz.com\/2024\/09\/27\/zona-franca-de-cadiz-conmemora-sus-95-anos-de-historia-con-un-acto-central-en-el-palacio-de-congresos\/\"><em> 95th Anniversary of the C\u00e1diz Free Trade Zone<\/em><\/a> organized by <a href=\"https:\/\/www.zonafrancacadiz.com\/\">Zona Franca C\u00e1diz<\/a> and the national radio <a href=\"https:\/\/x.com\/RadioCadiz\/status\/1839574476423385563\">Cadena SER<\/a>. September 27, 2024.<\/li>\n<li>Interview in the newspaper <em><a href=\"https:\/\/www.lavozdelsur.es\/actualidad\/ecologia\/investigadora-sevillana-veranea-en-artico-oceano-es-ecosistema-mas-desconocido_317196_102.html\">La voz del sur<\/a><\/em> by Alaia Rotaeche. June 25, 2024.<\/li>\n<li>Guest speaker at the event <em><a href=\"https:\/\/www.youtube.com\/watch?v=5DrhW2CZ1SQ\">Regeneration now<\/a><\/em> organized by <a href=\"https:\/\/www.prisa.com\/en\">Grupo Prisa<\/a> and the newspaper <a href=\"https:\/\/elpais.com\/suscripciones\/elpaismas\/experiencias\/2024-06-04\/el-pais-te-invita-a-ahora-regeneracion.html\">El Pais<\/a>. June 18, 2024.<\/li>\n<li>Award <a href=\"https:\/\/www.us.es\/actualidad-de-la-us\/felipe-gonzalez-recibe-el-iv-premio-alumni-de-honor-de-la-universidad-de\"><em>Social Impact<\/em><\/a> granted by <a href=\"https:\/\/alumni.us.es\/\">Alumni Univeristy of Sevilla<\/a> and <a href=\"https:\/\/lacaixafoundation.org\/en\/\">&#8220;la Caixa&#8221; foundation<\/a>. June 13, 2024.<\/li>\n<li>Interview in the newspaper <em><a href=\"https:\/\/www.harpersbazaar.com\/es\/cultura\/ocio\/a60936324\/dia-mundial-oceanos-entrevista-elena-ceballos-oceanografa\/\">Haper&#8217;s Bazaar<\/a><\/em> by Sandra Mu\u00f1oz. June 7, 2024.<\/li>\n<li>Award <a href=\"https:\/\/www.ateneosdeandalucia.org\/iii-premio-federacion-ateneos-para-jovenes-investigadores-andaluces\/\"><em>Ezequiel Mart\u00ednez<\/em><\/a> granted by Federation of Athenaeums of Andalucia. June 7, 2024.<\/li>\n<li>Interview in the podcast <em><a href=\"https:\/\/twitter.com\/universidadand\/status\/1768389610877432251?t=oOngQ3T1vfc8813Sx9fQPw\">Andaluzas y cient\u00edficas: rompe barreras, crea futuro<\/a><\/em> by Conserjer\u00eda Universidad, Investigaci\u00f3n e Innovaci\u00f3n de la Junta de Andaluc\u00eda. March 14, 2024.<\/li>\n<li>Interview in the podcast <a href=\"https:\/\/www.youtube.com\/watch?v=pZkoTVREhH4\" data-summari-detected=\"true\"><em>Ahora me entero<\/em><\/a> by Juanje Di\u00e9nez. February 25, 2024.<\/li>\n<li>Guest speaker at the <em><a href=\"https:\/\/twitter.com\/Elena_IMOS\/status\/1492137383915102208?s=20&amp;t=RcSpM7w7u_RwIO6D20e7Yw\" data-summari-detected=\"true\">International day of women and girls in science (11F)<\/a><\/em> at the High School <a href=\"https:\/\/www.iespuntadelverde.es\/\">IES Punta del Verde<\/a>, Sevilla (Spain). February 7, 2023.<\/li>\n<li>Interview in the spanish radio program <a href=\"https:\/\/www.canalsur.es\/radio\/programas\/carnaval-sur\/detalle\/23341198.html?video=2009551\"><i>Carnaval Sur <\/i><\/a>by Fernando P\u00e9rez. February 4, 2024.<\/li>\n<li>Interview <em><a href=\"https:\/\/www.youtube.com\/watch?v=rnzOyl7KZO8\">Save the Earth from the Sea\u00a0<\/a><\/em> in <a href=\"https:\/\/revista.us.es\/seccion\/investigacion\/salvar-la-tierra-desde-el-mar\">RevistaUS<\/a>, by University of Sevilla. January 24, 2024.<\/li>\n<li>Award <a href=\"https:\/\/www.youtube.com\/watch?v=N792k1ILPmw\"><i>People from Andaluc\u00eda, People 10<\/i><\/a> granted by <a href=\"https:\/\/www.eldiario.es\/andalucia\/blog\/gente-de-andalucia\/eldiario-andalucia-celebra-decimo-aniversario-gala-entrega-premios-gente-10_132_10589524.html\" data-summari-detected=\"true\">eldiario.es Andaluc\u00eda<\/a> (Spain). October 8, 2023.<\/li>\n<li>Guest speaker and co-organizer of the outreach event <a href=\"https:\/\/www.constantina.org\/es\/actualidad\/noticias\/CELEBRADA-LA-JORNADA-DE-DIVULGACION-CIENTIFICA-TU-CARA-ME-SUENA-II-EN-CONSTANTINA-DE-LA-UNIVERSIDAD-DE-SEVILLA\/?urlBack=\" data-summari-detected=\"true\"><em>Your face sounds familiar II: the university world told by young people from your town<\/em><\/a> organized by GILS (Spain). September 22, 2023.<\/li>\n<li>Interview in the spanish radio program <a href=\"https:\/\/cadenaser.com\/podcast\/cadena-ser\/serendipias\/3260\/\" data-summari-detected=\"true\"><em>Serendipias<\/em><\/a>\u00a0by Ignacio Crespo. May 14, 2023.<\/li>\n<li>Guest editorial, <em><a href=\"https:\/\/drive.google.com\/file\/d\/13qqwx9JvGFQE-ZtDnMj0s7If3NC5Hj4B\/view?usp=share_link\">To breath, or not to breath, that is the question<\/a><\/em> by the Spanish Maritime Yearbook 2023. April 28, 2023.<\/li>\n<li>Interview in the spanish newspaper <a href=\"https:\/\/www.elespanol.com\/invertia\/disruptores-innovadores\/\"><em>El Espa\u00f1ol &#8211; Disruptores e Innovadores<\/em><\/a> by Noelia Hern\u00e1ndez. February 25, 2023.<\/li>\n<li>Guest speaker at the <a href=\"https:\/\/www.uc3m.es\/secundaria\/en\/gymkanadatos\"><em>Gymkana The Science of Data<\/em><\/a> at the University Carlos III, Madrid (Spain). <a href=\"https:\/\/www.youtube.com\/watch?v=qRCwQvOH8u8\"><em>Exploring an ocean of data<\/em><\/a>\u00a0(minutes 14 to 44). February 14, 2023.<\/li>\n<li>Guest speaker at the <em><a href=\"https:\/\/twitter.com\/Elena_IMOS\/status\/1492137383915102208?s=20&amp;t=RcSpM7w7u_RwIO6D20e7Yw\" data-summari-detected=\"true\">International day of women and girls in science (11F)<\/a><\/em> at the High School <a href=\"https:\/\/iesgaleon.es\/\">IES Gale\u00f3n<\/a>, Isla Cristina (Spain). February 10, 2023.<\/li>\n<li>Interview in the canadian newspaper <a href=\"https:\/\/www.ledevoir.com\/environnement\/768219\/oceans-la-route-du-carbone-vers-les-abysses\"><em>Le Devoir<\/em><\/a> by Alexis Riopel. October 28, 2022.<\/li>\n<li>Interview in the spanish radio program <a href=\"https:\/\/www.rtve.es\/play\/audios\/espanoles-en-la-mar\/espanoles-mar-entra-vigor-veto-europeo-pesca-fondo-10-10-22\/6710948\/\" data-summari-detected=\"true\"><em>Spanish at sea<\/em><\/a> by Marta Fern\u00e1ndez. October 10, 2022.<\/li>\n<li>Guest speaker at the <a href=\"http:\/\/canalciencia.us.es\/casi-3-000-cientificos-acercaran-la-ciencia-a-la-ciudadania-en-la-noche-europea-de-los-investigadores-en-andalucia\/\" data-summari-detected=\"true\"><em>European Researchers Night<\/em><\/a> with a talk entitled <em><a href=\"https:\/\/lanochedelosinvestigadores.fundaciondescubre.es\/actividades\/sabes-que-tambien-nieva-dentro-del-oceano\/\" data-summari-detected=\"true\">Do you know that it aslo snows inside the ocean?<\/a><\/em> organized by University of Sevilla and the European Comission (Spain). September 30, 2022.<\/li>\n<li>Guest speaker and co-organizer of the outreach event <a href=\"https:\/\/issuu.com\/joseangel940\/docs\/guadalcanalinformaci_n_275\" data-summari-detected=\"true\"><em>Your face sounds familiar I: the university world told by young people from your town<\/em><\/a> organized by GILS (Spain). September 30, 2022.<\/li>\n<li>Interview in the spanish newspaper <a href=\"https:\/\/elcorreoweb.es\/sevilla\/nuestra-civilizacion-ha-infravalorado-lo-que-aporta-el-fondo-del-oceano-al-equilibrio-del-planeta-CX8099567\" data-summari-detected=\"true\"><em>el Correo de Andaluc\u00eda<\/em><\/a>\u00a0by Juan Luis Pav\u00f3n. September 29, 2022.<\/li>\n<li>Guest speaker at the Bootcamp <a href=\"https:\/\/321sputnik.com\/\" data-summari-detected=\"true\">SPUTNIK<\/a> with a talk entitled <em><a href=\"https:\/\/sevilla.abc.es\/economia\/comienza-spuknit-chute-optimismo-emprendedores-futuro-20220927180728-nts.html\" data-summari-detected=\"true\">Exploring the oceans, the last great frontier<\/a><\/em> organized by SPUTNIK (Spain). September 27, 2022.<\/li>\n<li>Award nominee <em><a href=\"https:\/\/www.mujeresaseguir.com\/social\/noticia\/1169622048615\/cinco-investigadoras-buscan-respuestas-cancer-cambio-climatico-misterios-del-universo.1.html\" data-summari-detected=\"true\">Women to follow<\/a><\/em> granted by <a href=\"https:\/\/www.mujeresaseguir.com\/social\/noticia\/1169585048615\/35-finalistas-de-premios-mujeres-seguir-2022.1.html\" data-summari-detected=\"true\">Journal MAS<\/a> (Spain). September 20, 2022.<\/li>\n<li>Interview in the spanish radio <a href=\"https:\/\/www.cope.es\/programas\/herrera-en-cope\/audios\/elena-ceballos-herrera-cope-oceano-gran-pulmon-tierra-20220919_2056119\" data-summari-detected=\"true\"><em>Herrera en COPE<\/em><\/a> by Alberto Herrera. September 19, 2022.<\/li>\n<li>Guest speaker at the <a href=\"https:\/\/www.youtube.com\/watch?v=Tc6sEVDIvno&amp;t=136s\" data-summari-detected=\"true\"><em>III International Conference for Social Innovation<\/em><\/a> organized by Laboratorio Magallanes-Elcano. September 7, 2022 (Spain).<\/li>\n<li>Guest speaker at the <a href=\"https:\/\/www.marca.com\/vela\/2022\/09\/07\/6318916d22601d5b398b4581.html\" data-summari-detected=\"true\">Oceanic Trophy Elcano<\/a> organized by Trofeo Elcano. September 6, 2022 (Spain).<\/li>\n<li>Participation in the program <em><a href=\"https:\/\/alumni.us.es\/\" data-summari-detected=\"true\">Alumni US<\/a>\u00a0<\/em><a href=\"https:\/\/www.youtube.com\/watch?v=XNr3Q0oicHA&amp;t=2s\" data-summari-detected=\"true\">#YosoydelaUS<\/a> organized by the University of Sevilla. \u00a0June 21, 2022.<\/li>\n<li>Participation in the project <em><a href=\"https:\/\/buscandovocaciones.universidadeuropea.com\/video\/los-oceanos-tienen-la-capacidad-de-regular-el-clima-en-la-tierra\/\" data-summari-detected=\"true\">Looking for vocations <\/a><\/em>organized by the <a href=\"https:\/\/universidadeuropea.com\/noticias\/buscando-vocaciones-el-nuevo-proyecto-de-la-universidad-europea-y-atresmedia-radio-para-ayudar-a-los\/\" data-summari-detected=\"true\">European University<\/a>. May 24, 2022.<\/li>\n<li>Guest speaker at the <em>Alumni Talks<\/em>\u00a0at the School of Physics\u00a0at the University of Sevilla <em><a href=\"https:\/\/www.youtube.com\/watch?v=XyrvahiQ2bQ\" data-summari-detected=\"true\">What the flux?! My path to Oceanography<\/a><\/em> organized by the <a href=\"https:\/\/investigacion.us.es\/noticias\/5228\" data-summari-detected=\"true\">University of Sevilla<\/a> (Spain). May 24, 2022.<\/li>\n<li>Interview in the spanish radio <a href=\"https:\/\/cadenaser.com\/andalucia\/2022\/05\/23\/elena-ceballos-de-guadalcanal-a-massachusetts-por-la-via-de-la-investigacion-radio-sevilla\/\" data-summari-detected=\"true\"><em>Hoy por Hoy Sevilla<\/em><\/a> by Salom\u00f3n Hachuel. May 23, 2022.<\/li>\n<li>Award <em><a href=\"https:\/\/m.facebook.com\/story.php?story_fbid=337588698396803&amp;id=100064370272230&amp;sfnsn=scwspwa\" data-summari-detected=\"true\">Naturally rural: Woman and Science<\/a><\/em> granted by <a href=\"https:\/\/m.facebook.com\/story.php?story_fbid=pfbid0N7pKWByAKqeHpySpbf519s3mZ5MAKGaDfEYVFwWcpER9P5dQ1S3U9uVziAWiix5Rl&amp;id=159217384142964&amp;m_entstream_source=timeline&amp;__tn__=%2As%2As-R\" data-summari-detected=\"true\">Parque Natural Sierra Norte de Sevilla<\/a> and organized by Ayuntamiento de Alanis (Spain). March 23, 2022.<\/li>\n<li>Guest speaker at the Scientific Conference <em><a href=\"https:\/\/www.youtube.com\/watch?v=HzfOG4VJChA&amp;ab_channel=Institutfran%C3%A7aisd%27Espagne\" data-summari-detected=\"true\">Voyage to the sea floor<\/a><\/em> organized by the <a href=\"https:\/\/www.institutfrancais.es\/madrid\/evento\/conferencia-cientifica-viaje-al-fondo-marino\/\" data-summari-detected=\"true\">French Institute of Madrid<\/a> (Spain). March 17, 2022.<\/li>\n<li>Interview in the High School IES Pino Montano in Sevilla (Spain) for the <em><a href=\"https:\/\/www.youtube.com\/watch\" data-summari-detected=\"true\">Scientific Culture week<\/a> <\/em>by Paola Cercado y Alba Romero. February 14, 2022.<\/li>\n<li>Speech for the\u00a0<em><a href=\"https:\/\/twitter.com\/Elena_IMOS\/status\/1492149939652202499?s=20&amp;t=RcSpM7w7u_RwIO6D20e7Yw\" data-summari-detected=\"true\">International day of women and girls in science (11F)<\/a><\/em> by Elena Ceballos Romero. February 11, 2022.<\/li>\n<li>Outreach activity for kids between 3 and 6 years at the Liceo Frances School in Sevilla (Spain) for the <em><a href=\"https:\/\/twitter.com\/Elena_IMOS\/status\/1492501091040301063?s=20&amp;t=Z5JIY3BbPK-TEvfex3HnZA\" data-summari-detected=\"true\">International day of women and girls in science (11F)<\/a> by Elena Ceballos Romero. February 11, 2022.<\/em><\/li>\n<li>Interview for the <em><a href=\"https:\/\/twitter.com\/Elena_IMOS\/status\/1492137383915102208?s=20&amp;t=RcSpM7w7u_RwIO6D20e7Yw\" data-summari-detected=\"true\">International day of women and girls in science (11F)<\/a><\/em> by Innovadoras TIC. February 11, 2022.<\/li>\n<li>Interview in the spanish radio <a href=\"https:\/\/www.radio.tomares.es\/index.php\/blog\/un-mar-de-ciencia-02-11-21\" data-summari-detected=\"true\"><i>Un Mar de Ciencia<\/i> <\/a>by Paco Solano. November 2, 2021.<\/li>\n<li>Presentation of the book <em><a href=\"https:\/\/www.youtube.com\/watch?v=JWyTa-EhK1k&amp;ab_channel=Fundaci%C3%B3nCibervoluntarios\" data-summari-detected=\"true\">Important women of the 21st century<\/a><\/em>\u00a0by Innovadoras TIC. October 6, 2021.<\/li>\n<li>Participation in the <em><a href=\"https:\/\/lanochedelosinvestigadores.fundaciondescubre.es\/actividades\/como-es-la-vida-de-un-cientifico-a-bordo-de-un-buque-de-investigacion-oceanografica\/\" data-summari-detected=\"true\">European Researchers Nights<\/a><\/em> celebrated at the University of Sevilla (Spain) sponsored by the European Commission. September 24, 2021.<\/li>\n<li>Guest speaker at the <a href=\"https:\/\/www.youtube.com\/watch?v=hYwtEsVgOm8&amp;ab_channel=LAB-ME\" data-summari-detected=\"true\"><em>II International Conference for Social Innovation<\/em><\/a> organized by Laboratorio Magallanes-Elcano. September 22, 2021.<\/li>\n<li>Interview in the book <em><a href=\"https:\/\/innovadorastic.org\/WP-CONTENT\/UPLOADS\/2021\/LIBROS\/INNOVADORAS%20TIC%202021%20MUJERES%20REFERENTES%20DEL%20SIGLO%20XXI.PDF\" data-summari-detected=\"true\">Important women of the 21st century<\/a><\/em>\u00a0by Innovadoras TIC. July 30, 2021.<\/li>\n<li>Interview in the spanish television network <em><a href=\"https:\/\/twitter.com\/Elena_IMOS\/status\/1418956310847102977\" data-summari-detected=\"true\">Antena3 Noticias<\/a><\/em> by Sonia Calvo-Fern\u00e1ndez Gallego. July 23, 2021.<\/li>\n<li>Interview in the national radio <em><a href=\"https:\/\/www.ondacero.es\/programas\/julia-en-la-onda\/audios-podcast\/entrevistas\/elena-ceballos-fisica-investigadora-oceanografica-explotar-parte-mas-profunda-aun-desconocida-oceanos-peligro_2021071560f05f7d70facd0001f9bc82.html\" data-summari-detected=\"true\">Julia en la Onda<\/a><\/em> by Carmen Juan. July 15, 2021.<\/li>\n<li>Inter in the national radio <em><a href=\"https:\/\/www.cope.es\/programas\/la-tarde\/audios\/escucha-tarde-06-07-2021-18h-19h-20210706_1516366\" data-summari-detected=\"true\">La Tarde en la COPE<\/a><\/em> by Fernando de Haro. July 6, 2021.<\/li>\n<li>Interview in the spanish newspaper <em><a href=\"https:\/\/www.eldiario.es\/andalucia\/elena-ceballos-cientifica-sevillana-nasa-ciencia-da-respuestas-decisiones-ignorando_1_8074958.html\" data-summari-detected=\"true\">elDiario.es Andaluc\u00eda<\/a><\/em> by Carla Rivero. June 27, 2021.<\/li>\n<li>Interview in the spanish newspaper <em><a href=\"https:\/\/elpais.com\/ciencia\/2021-06-22\/elena-ceballos-fisica-e-investigadora-oceanografica-sin-azul-no-hay-verde.html\" data-summari-detected=\"true\">Ciencia El Pa\u00eds<\/a><\/em> by Ra\u00fal Lim\u00f3n. June 21, 2021.<\/li>\n<li>Interview in the spanish Podcast <em><a href=\"https:\/\/www.ivoox.com\/al-otro-lado-del-espejo-446-05-06-21-audios-mp3_rf_70977477_1.html\" data-summari-detected=\"true\">ALODE RADIO &#8211; AL OTRO LADO DEL ESPEJO<\/a><\/em> by Rol Freeman. June 7, 2021.<\/li>\n<li>Guest speaker at <em><a href=\"http:\/\/canalciencia.us.es\/cafe-con-cientificas-llega-a-la-etsi\/\" data-summari-detected=\"true\">Coffe with Women in Science<\/a><\/em>\u00a0as part of the activities for the celebration of the <em><a href=\"http:\/\/canalciencia.us.es\/la-us-celebra-el-dia-internacional-de-la-mujer-y-la-nina-en-la-ciencia\/\" data-summari-detected=\"true\">International Day of the Women And Girls in science, 11 February<\/a> <\/em>organized by the University of Sevilla. February 11, 2020.<\/li>\n<li>Participation in the organization of the <em><a href=\"https:\/\/cicus.us.es\/nedlinv2019\/\" data-summari-detected=\"true\">European Researchers Nights<\/a><\/em> celebrated at the University of Sevilla (Spain) sponsored by the European Commission. September 27, 2019.<\/li>\n<li>Guest speaker at the <em><a href=\"https:\/\/www.un.org\/en\/observances\/women-and-girls-in-science-day\" data-summari-detected=\"true\">I International Day of Women and Girls in Science<\/a><\/em> by <em>IES Torre de los Herberos<\/em>, Dos Hermanas, Sevilla (Spain). April 2019.<\/li>\n<li>Participation in <a href=\"http:\/\/www.feriadelaciencia.org\/\" data-summari-detected=\"true\"><em>VIII Science Fair <\/em><\/a>in Seville (Spain) in the stand of the Faculty of Physics of the University of Sevilla (Spain) with experiments to show several physical principles and phenomena. May 2010.<\/li>\n<\/ol>\n\t<h1>Teaching<\/h1>\n<ul>\n<li><strong>Teaching<\/strong> Assistant, <a href=\"https:\/\/www.us.es\/estudiar\/que-estudiar\/oferta-de-grados\/grado-en-fundamentos-de-arquitectura\">Physics applied to Architecture<\/a>, Department of Applied Physics II, University of Seville (Spain). 2024-2025. 96 hours.<\/li>\n<li><strong>Lecturer<\/strong>, <a href=\"https:\/\/www.uspceu.com\/en\/\">Physics for Medical Sciences<\/a>, Department of Chemistry &amp; Biochemistry, University CEU San Pablo (Madrid, Spain). 2020-2021. 310 hours.<\/li>\n<li><strong>Teaching<\/strong> Assistant, <a href=\"https:\/\/www.us.es\/estudiar\/que-estudiar\/oferta-de-grados\/grado-en-fundamentos-de-arquitectura\">Physics applied to Architecture<\/a>, Department of Applied Physics II, University of Seville (Spain). From 2016 to 2020. 120 hours.<\/li>\n<li><strong>Teaching<\/strong> Assistant, <a href=\"https:\/\/www.us.es\/estudiar\/que-estudiar\/oferta-de-grados\/grado-en-edificacion\">Physics applied to Building Engineering<\/a>, Department of Applied Physics II, University of Seville (Spain). From 2016 to 2020. 120 hours.<\/li>\n<\/ul>\n\n","protected":false},"excerpt":{"rendered":"<p>Outreach Outreach activities are currently available only in Spanish in here and include: Interview in the newspaper ABC Sevilla by Jes\u00fas \u00c1lvarez. April 13, 2026. Interview in the newspaper Voz P\u00f3puli by C\u00e9sar Ortiz. March 9, 2026. Guest editorial Can there be an ecological transition without gender equality?, with Almudena D\u00edez, newspaper Diario Reponsable. Spain.&hellip;<\/p>\n","protected":false},"author":267,"featured_media":0,"parent":0,"menu_order":0,"comment_status":"closed","ping_status":"closed","template":"","meta":[],"_links":{"self":[{"href":"https:\/\/www2.whoi.edu\/staff\/mceballosromero\/wp-json\/wp\/v2\/pages\/303"}],"collection":[{"href":"https:\/\/www2.whoi.edu\/staff\/mceballosromero\/wp-json\/wp\/v2\/pages"}],"about":[{"href":"https:\/\/www2.whoi.edu\/staff\/mceballosromero\/wp-json\/wp\/v2\/types\/page"}],"author":[{"embeddable":true,"href":"https:\/\/www2.whoi.edu\/staff\/mceballosromero\/wp-json\/wp\/v2\/users\/267"}],"replies":[{"embeddable":true,"href":"https:\/\/www2.whoi.edu\/staff\/mceballosromero\/wp-json\/wp\/v2\/comments?post=303"}],"version-history":[{"count":3,"href":"https:\/\/www2.whoi.edu\/staff\/mceballosromero\/wp-json\/wp\/v2\/pages\/303\/revisions"}],"predecessor-version":[{"id":821,"href":"https:\/\/www2.whoi.edu\/staff\/mceballosromero\/wp-json\/wp\/v2\/pages\/303\/revisions\/821"}],"wp:attachment":[{"href":"https:\/\/www2.whoi.edu\/staff\/mceballosromero\/wp-json\/wp\/v2\/media?parent=303"}],"curies":[{"name":"wp","href":"https:\/\/api.w.org\/{rel}","templated":true}]}}